{"id":1551,"date":"2024-05-23T11:08:14","date_gmt":"2024-05-23T09:08:14","guid":{"rendered":"https:\/\/california-concept.com\/pagina-de-inicio\/"},"modified":"2026-04-22T09:21:13","modified_gmt":"2026-04-22T07:21:13","slug":"pagina-de-inicio","status":"publish","type":"page","link":"https:\/\/california-concept.com\/es\/","title":{"rendered":"P\u00e1gina de inicio"},"content":{"rendered":"<div class=\"wp-block-group is-layout-constrained wp-block-group-is-layout-constrained\"><!--themify_builder_content-->\n<div id=\"themify_builder_content-1551\" data-postid=\"1551\" class=\"themify_builder_content themify_builder_content-1551 themify_builder tf_clear\">\n                    <div  data-css_id=\"nor8119\" data-lazy=\"1\" class=\"module_row themify_builder_row fullwidth_row_container tb_nor8119 tb_first tf_w\">\n                        <div class=\"row_inner col_align_top tb_col_count_1 tf_box tf_rel\">\n                        <div  data-lazy=\"1\" class=\"module_column tb-column col-full tb_ryz0119 first\">\n                    <!-- module text -->\n<div  class=\"module module-text tb_3qw7561   \" data-lazy=\"1\">\n        <div  class=\"tb_text_wrap\">\n        <h1 style=\"text-align: center;\">Los mejores accesorios para Volkswagen California<\/h1>    <\/div>\n<\/div>\n<!-- \/module text --><!-- module buttons -->\n<div  class=\"module module-buttons tb_t3q6595 buttons-horizontal solid   circle\" data-lazy=\"1\">\n        <div class=\"module-buttons-item tf_in_flx\">\n                        <a href=\"https:\/\/california-concept.com\/sklep\" class=\"ui builder_button tf_in_flx tb_default_color\" >\n                                                TIENDA                                        <em><svg  class=\"tf_fa tf-ti-arrow-circle-right\" xmlns:xlink=\"http:\/\/www.w3.org\/1999\/xlink\" aria-hidden=\"true\"><use href=\"#tf-ti-arrow-circle-right\" xlink:href=\"#tf-ti-arrow-circle-right\"><\/use><\/svg><\/em>                            <\/a>\n                <\/div>\n            <\/div>\n<!-- \/module buttons -->\n        <\/div>\n                        <\/div>\n        <\/div>\n                        <div  data-css_id=\"qd3i111\" data-lazy=\"1\" class=\"module_row themify_builder_row fullwidth_row_container tb_qd3i111 tf_w\">\n                        <div class=\"row_inner col_align_top tb_col_count_1 tf_box tf_rel\">\n                        <div  data-lazy=\"1\" class=\"module_column tb-column col-full tb_cewe111 first\">\n                    <!-- module text -->\n<div  class=\"module module-text tb_upz5782   \" data-lazy=\"1\">\n        <div  class=\"tb_text_wrap\">\n        <h2 style=\"text-align: center;\">Categor\u00edas de productos<\/h2>    <\/div>\n<\/div>\n<!-- \/module text --><!-- module image -->\n<div  class=\"module module-image tb_qi0l3 image-top   auto_fullwidth tf_mw\" data-lazy=\"1\">\n        <div class=\"image-wrap tf_rel tf_mw\">\n            <img loading=\"lazy\" decoding=\"async\" width=\"1500\" height=\"156\" src=\"https:\/\/california-concept.com\/wp-content\/uploads\/2025\/01\/Nasze-kategorie-produktow.png\" class=\"wp-post-image wp-image-523\" title=\"Nasze kategorie produkt\u00f3w\" alt=\"Nasze kategorie produkt\u00f3w\" srcset=\"https:\/\/california-concept.com\/wp-content\/uploads\/2025\/01\/Nasze-kategorie-produktow.png 1500w, https:\/\/california-concept.com\/wp-content\/uploads\/2025\/01\/Nasze-kategorie-produktow-300x31.png 300w, https:\/\/california-concept.com\/wp-content\/uploads\/2025\/01\/Nasze-kategorie-produktow-1024x106.png 1024w, https:\/\/california-concept.com\/wp-content\/uploads\/2025\/01\/Nasze-kategorie-produktow-768x80.png 768w, https:\/\/california-concept.com\/wp-content\/uploads\/2025\/01\/Nasze-kategorie-produktow-600x62.png 600w\" sizes=\"auto, (max-width: 1500px) 100vw, 1500px\" \/>    \n        <\/div>\n    <!-- \/image-wrap -->\n    \n        <\/div>\n<!-- \/module image -->        <\/div>\n                        <\/div>\n        <\/div>\n                        <div  data-lazy=\"1\" class=\"module_row themify_builder_row tb_fg7x864 tf_w\">\n                        <div class=\"row_inner col_align_top tb_col_count_4 tf_box tf_rel\">\n                        <div  data-lazy=\"1\" class=\"module_column tb-column col4-1 tb_ibqq864 first\">\n                    <!-- module image -->\n<div  class=\"module module-image tb_jqqw656 image-center   auto_fullwidth tf_mw\" data-lazy=\"1\">\n        <div class=\"image-wrap tf_rel tf_mw\">\n            <a href=\"https:\/\/california-concept.com\/kategoria-produktu\/panele-solarne\/\">\n                   <img loading=\"lazy\" decoding=\"async\" width=\"994\" height=\"994\" src=\"https:\/\/california-concept.com\/wp-content\/uploads\/2025\/02\/panele-solarnr-zestaw-california-concept.jpg\" class=\"wp-post-image wp-image-967\" title=\"panele solarnr zestaw california-concept\" alt=\"kategoria panele solarne fotowoltaiczne vw california\" srcset=\"https:\/\/california-concept.com\/wp-content\/uploads\/2025\/02\/panele-solarnr-zestaw-california-concept.jpg 994w, https:\/\/california-concept.com\/wp-content\/uploads\/2025\/02\/panele-solarnr-zestaw-california-concept-300x300.jpg 300w, https:\/\/california-concept.com\/wp-content\/uploads\/2025\/02\/panele-solarnr-zestaw-california-concept-150x150.jpg 150w, https:\/\/california-concept.com\/wp-content\/uploads\/2025\/02\/panele-solarnr-zestaw-california-concept-768x768.jpg 768w, https:\/\/california-concept.com\/wp-content\/uploads\/2025\/02\/panele-solarnr-zestaw-california-concept-600x600.jpg 600w, https:\/\/california-concept.com\/wp-content\/uploads\/2025\/02\/panele-solarnr-zestaw-california-concept-100x100.jpg 100w\" sizes=\"auto, (max-width: 994px) 100vw, 994px\" \/>        <\/a>\n    \n        <\/div>\n    <!-- \/image-wrap -->\n    \n        <\/div>\n<!-- \/module image --><!-- module text -->\n<div  class=\"module module-text tb_r354336   \" data-lazy=\"1\">\n        <div  class=\"tb_text_wrap\">\n        <h3 style=\"text-align: center;\"><a href=\"https:\/\/california-concept.com\/es\/kategoria-produktu\/paneles-solares\/\">Paneles solares<\/a><\/h3>    <\/div>\n<\/div>\n<!-- \/module text --><!-- module icon -->\n<div  class=\"module module-icon tb_l99a472    icon_horizontal tf_textc\" data-lazy=\"1\">\n\t\t\t<div class=\"module-icon-item\">\n\t\t\t\t\t\t\t<a href=\"https:\/\/california-concept.com\/kategoria-produktu\/panele-solarne\/\">\n\t\t\t\t\t\t\t\t\t\t\t\t\t\t\t\t\t<em class=\"tf_box\"\n\t\t\t\t\t\t\t\t\t\t\t\t style=\"color:#000000\"\t\t\t\t\t><svg  class=\"tf_fa tf-ti-arrow-circle-right\" xmlns:xlink=\"http:\/\/www.w3.org\/1999\/xlink\" aria-hidden=\"true\"><use href=\"#tf-ti-arrow-circle-right\" xlink:href=\"#tf-ti-arrow-circle-right\"><\/use><\/svg><\/em>\n\t\t\t\t\t\t\t\t\t\t\t\t\t\t\t\t<\/a>\n\t\t\t\t\t<\/div>\n\t<\/div>\n<!-- \/module icon -->\n        <\/div>\n                    <div  data-lazy=\"1\" class=\"module_column tb-column col4-1 tb_hzap809\">\n                    <!-- module image -->\n<div  class=\"module module-image tb_g8l5809 image-center   auto_fullwidth tf_mw\" data-lazy=\"1\">\n        <div class=\"image-wrap tf_rel tf_mw\">\n            <a href=\"https:\/\/california-concept.com\/kategoria-produktu\/zawieszenie\/\">\n                   <img loading=\"lazy\" decoding=\"async\" width=\"994\" height=\"994\" src=\"https:\/\/california-concept.com\/wp-content\/uploads\/2025\/02\/volkswagen-california-sklep.jpg\" class=\"wp-post-image wp-image-964\" title=\"kategoria zawieszenie vw california\" alt=\"kategoria zawieszenie vw california\" srcset=\"https:\/\/california-concept.com\/wp-content\/uploads\/2025\/02\/volkswagen-california-sklep.jpg 994w, https:\/\/california-concept.com\/wp-content\/uploads\/2025\/02\/volkswagen-california-sklep-300x300.jpg 300w, https:\/\/california-concept.com\/wp-content\/uploads\/2025\/02\/volkswagen-california-sklep-150x150.jpg 150w, https:\/\/california-concept.com\/wp-content\/uploads\/2025\/02\/volkswagen-california-sklep-768x768.jpg 768w, https:\/\/california-concept.com\/wp-content\/uploads\/2025\/02\/volkswagen-california-sklep-600x600.jpg 600w, https:\/\/california-concept.com\/wp-content\/uploads\/2025\/02\/volkswagen-california-sklep-100x100.jpg 100w\" sizes=\"auto, (max-width: 994px) 100vw, 994px\" \/>        <\/a>\n    \n        <\/div>\n    <!-- \/image-wrap -->\n    \n        <\/div>\n<!-- \/module image --><!-- module text -->\n<div  class=\"module module-text tb_d0jj809   \" data-lazy=\"1\">\n        <div  class=\"tb_text_wrap\">\n        <h3 style=\"text-align: center;\"><a href=\"\/?product_cat=zawieszenie\">Suspensi\u00f3n<\/a><\/h3>    <\/div>\n<\/div>\n<!-- \/module text --><!-- module icon -->\n<div  class=\"module module-icon tb_aa6r809    icon_horizontal tf_textc\" data-lazy=\"1\">\n\t\t\t<div class=\"module-icon-item\">\n\t\t\t\t\t\t\t<a href=\"https:\/\/california-concept.com\/kategoria-produktu\/zawieszenie\/\">\n\t\t\t\t\t\t\t\t\t\t\t\t\t\t\t\t\t<em class=\"tf_box\"\n\t\t\t\t\t\t\t\t\t\t\t\t style=\"color:#000000\"\t\t\t\t\t><svg  class=\"tf_fa tf-ti-arrow-circle-right\" xmlns:xlink=\"http:\/\/www.w3.org\/1999\/xlink\" aria-hidden=\"true\"><use href=\"#tf-ti-arrow-circle-right\" xlink:href=\"#tf-ti-arrow-circle-right\"><\/use><\/svg><\/em>\n\t\t\t\t\t\t\t\t\t\t\t\t\t\t\t\t<\/a>\n\t\t\t\t\t<\/div>\n\t<\/div>\n<!-- \/module icon -->\n        <\/div>\n                    <div  data-lazy=\"1\" class=\"module_column tb-column col4-1 tb_2tx2136\">\n                    <!-- module image -->\n<div  class=\"module module-image tb_s3qt136 image-center   auto_fullwidth tf_mw\" data-lazy=\"1\">\n        <div class=\"image-wrap tf_rel tf_mw\">\n            <a href=\"https:\/\/california-concept.com\/kategoria-produktu\/felgi\/\">\n                   <img loading=\"lazy\" decoding=\"async\" width=\"994\" height=\"994\" src=\"https:\/\/california-concept.com\/wp-content\/uploads\/2025\/02\/felgi-kategoria-felgi.jpg\" class=\"wp-post-image wp-image-958\" title=\"kategoria felgi vw california\" alt=\"kategoria felgi vw california\" srcset=\"https:\/\/california-concept.com\/wp-content\/uploads\/2025\/02\/felgi-kategoria-felgi.jpg 994w, https:\/\/california-concept.com\/wp-content\/uploads\/2025\/02\/felgi-kategoria-felgi-300x300.jpg 300w, https:\/\/california-concept.com\/wp-content\/uploads\/2025\/02\/felgi-kategoria-felgi-150x150.jpg 150w, https:\/\/california-concept.com\/wp-content\/uploads\/2025\/02\/felgi-kategoria-felgi-768x768.jpg 768w, https:\/\/california-concept.com\/wp-content\/uploads\/2025\/02\/felgi-kategoria-felgi-600x600.jpg 600w, https:\/\/california-concept.com\/wp-content\/uploads\/2025\/02\/felgi-kategoria-felgi-100x100.jpg 100w\" sizes=\"auto, (max-width: 994px) 100vw, 994px\" \/>        <\/a>\n    \n        <\/div>\n    <!-- \/image-wrap -->\n    \n        <\/div>\n<!-- \/module image --><!-- module text -->\n<div  class=\"module module-text tb_bra6136   \" data-lazy=\"1\">\n        <div  class=\"tb_text_wrap\">\n        <h3 style=\"text-align: center;\"><a href=\"\/?product_cat=felgi\">Llantas<\/a><\/h3>    <\/div>\n<\/div>\n<!-- \/module text --><!-- module icon -->\n<div  class=\"module module-icon tb_964q136    icon_horizontal tf_textc\" data-lazy=\"1\">\n\t\t\t<div class=\"module-icon-item\">\n\t\t\t\t\t\t\t<a href=\"https:\/\/california-concept.com\/kategoria-produktu\/felgi\/\">\n\t\t\t\t\t\t\t\t\t\t\t\t\t\t\t\t\t<em class=\"tf_box\"\n\t\t\t\t\t\t\t\t\t\t\t\t style=\"color:#000000\"\t\t\t\t\t><svg  class=\"tf_fa tf-ti-arrow-circle-right\" xmlns:xlink=\"http:\/\/www.w3.org\/1999\/xlink\" aria-hidden=\"true\"><use href=\"#tf-ti-arrow-circle-right\" xlink:href=\"#tf-ti-arrow-circle-right\"><\/use><\/svg><\/em>\n\t\t\t\t\t\t\t\t\t\t\t\t\t\t\t\t<\/a>\n\t\t\t\t\t<\/div>\n\t<\/div>\n<!-- \/module icon -->\n        <\/div>\n                    <div  data-lazy=\"1\" class=\"module_column tb-column col4-1 tb_0zzy208 last\">\n                    <!-- module image -->\n<div  class=\"module module-image tb_zs3y208 image-center   auto_fullwidth tf_mw\" data-lazy=\"1\">\n        <div class=\"image-wrap tf_rel tf_mw\">\n            <a href=\"https:\/\/california-concept.com\/kategoria-produktu\/wyposazenie-wewnetrzne\/\">\n                   <img loading=\"lazy\" decoding=\"async\" width=\"1920\" height=\"1920\" src=\"https:\/\/california-concept.com\/wp-content\/uploads\/2025\/05\/ladowarka-delta-3-rower-gory.jpg\" class=\"wp-post-image wp-image-1261\" title=\"\u0142adowarka delta 3 rower go\u0301ry\" alt=\"Przeno\u015bna stacja zasilania EcoFlow DELTA 3 do VW California\" srcset=\"https:\/\/california-concept.com\/wp-content\/uploads\/2025\/05\/ladowarka-delta-3-rower-gory.jpg 1920w, https:\/\/california-concept.com\/wp-content\/uploads\/2025\/05\/ladowarka-delta-3-rower-gory-300x300.jpg 300w, https:\/\/california-concept.com\/wp-content\/uploads\/2025\/05\/ladowarka-delta-3-rower-gory-1024x1024.jpg 1024w, https:\/\/california-concept.com\/wp-content\/uploads\/2025\/05\/ladowarka-delta-3-rower-gory-150x150.jpg 150w, https:\/\/california-concept.com\/wp-content\/uploads\/2025\/05\/ladowarka-delta-3-rower-gory-768x768.jpg 768w, https:\/\/california-concept.com\/wp-content\/uploads\/2025\/05\/ladowarka-delta-3-rower-gory-1536x1536.jpg 1536w, https:\/\/california-concept.com\/wp-content\/uploads\/2025\/05\/ladowarka-delta-3-rower-gory-600x600.jpg 600w, https:\/\/california-concept.com\/wp-content\/uploads\/2025\/05\/ladowarka-delta-3-rower-gory-100x100.jpg 100w, https:\/\/california-concept.com\/wp-content\/uploads\/2025\/05\/ladowarka-delta-3-rower-gory-1024x1024-1000x1000.jpg 1000w, https:\/\/california-concept.com\/wp-content\/uploads\/2025\/05\/ladowarka-delta-3-rower-gory-1024x1024-28x28.jpg 28w, https:\/\/california-concept.com\/wp-content\/uploads\/2025\/05\/ladowarka-delta-3-rower-gory-1024x1024-47x48.jpg 47w\" sizes=\"auto, (max-width: 1920px) 100vw, 1920px\" \/>        <\/a>\n    \n        <\/div>\n    <!-- \/image-wrap -->\n    \n        <\/div>\n<!-- \/module image --><!-- module text -->\n<div  class=\"module module-text tb_qazu208   \" data-lazy=\"1\">\n        <div  class=\"tb_text_wrap\">\n        <h3 style=\"text-align: center;\"><a href=\"\/?product_cat=wyposazenie-wewnetrzne\">Equipamiento <\/a><\/h3>    <\/div>\n<\/div>\n<!-- \/module text --><!-- module icon -->\n<div  class=\"module module-icon tb_bvl7208    icon_horizontal tf_textc\" data-lazy=\"1\">\n\t\t\t<div class=\"module-icon-item\">\n\t\t\t\t\t\t\t<a href=\"https:\/\/california-concept.com\/kategoria-produktu\/wyposazenie-wewnetrzne\/\">\n\t\t\t\t\t\t\t\t\t\t\t\t\t\t\t\t\t<em class=\"tf_box\"\n\t\t\t\t\t\t\t\t\t\t\t\t style=\"color:#000000\"\t\t\t\t\t><svg  class=\"tf_fa tf-ti-arrow-circle-right\" xmlns:xlink=\"http:\/\/www.w3.org\/1999\/xlink\" aria-hidden=\"true\"><use href=\"#tf-ti-arrow-circle-right\" xlink:href=\"#tf-ti-arrow-circle-right\"><\/use><\/svg><\/em>\n\t\t\t\t\t\t\t\t\t\t\t\t\t\t\t\t<\/a>\n\t\t\t\t\t<\/div>\n\t<\/div>\n<!-- \/module icon -->\n        <\/div>\n                        <\/div>\n        <\/div>\n                        <div  data-css_id=\"7s5g260\" data-lazy=\"1\" class=\"module_row themify_builder_row fullwidth_row_container tb_7s5g260 tf_w\">\n                        <div class=\"row_inner col_align_top tb_col_count_1 tf_box tf_rel\">\n                        <div  data-lazy=\"1\" class=\"module_column tb-column col-full tb_n10j260 first\">\n                    <!-- module text -->\n<div  class=\"module module-text tb_tz7a260   \" data-lazy=\"1\">\n        <div  class=\"tb_text_wrap\">\n        <h2 style=\"text-align: center;\">Productos destacados<\/h2>    <\/div>\n<\/div>\n<!-- \/module text --><!-- module image -->\n<div  class=\"module module-image tb_c00z136 image-top   auto_fullwidth tf_mw\" data-lazy=\"1\">\n        <div class=\"image-wrap tf_rel tf_mw\">\n            <img loading=\"lazy\" decoding=\"async\" width=\"1535\" height=\"150\" src=\"https:\/\/california-concept.com\/wp-content\/uploads\/2025\/01\/Nasze-najlepsze-produkty.png\" class=\"wp-post-image wp-image-524\" title=\"Nasze najlepsze produkty\" alt=\"Nasze najlepsze produkty\" srcset=\"https:\/\/california-concept.com\/wp-content\/uploads\/2025\/01\/Nasze-najlepsze-produkty.png 1535w, https:\/\/california-concept.com\/wp-content\/uploads\/2025\/01\/Nasze-najlepsze-produkty-300x29.png 300w, https:\/\/california-concept.com\/wp-content\/uploads\/2025\/01\/Nasze-najlepsze-produkty-1024x100.png 1024w, https:\/\/california-concept.com\/wp-content\/uploads\/2025\/01\/Nasze-najlepsze-produkty-768x75.png 768w, https:\/\/california-concept.com\/wp-content\/uploads\/2025\/01\/Nasze-najlepsze-produkty-600x59.png 600w\" sizes=\"auto, (max-width: 1535px) 100vw, 1535px\" \/>    \n        <\/div>\n    <!-- \/image-wrap -->\n    \n        <\/div>\n<!-- \/module image -->        <\/div>\n                        <\/div>\n        <\/div>\n                        <div  data-css_id=\"q0kf834\" data-lazy=\"1\" class=\"module_row themify_builder_row fullwidth tb_q0kf834 tf_w\">\n                        <div class=\"row_inner col_align_top tb_col_count_1 tf_box tf_rel\">\n                        <div  data-lazy=\"1\" class=\"module_column tb-column col-full tb_0o61834 first\">\n                    \n\t<div  id=\"tb_ov18834\" class=\"module woocommerce module-products tb_ov18834 \" data-lazy=\"1\">\n\t\t\t\t\t<ul  class=\"loops-wrapper products wc-products grid4 tf_clearfix\" data-lazy=\"1\">\n\t\t\t\t\t\t\t\t\t\t\t\t\t<li class=\"has-post-title has-post-date no-post-category no-post-tag has-post-comment has-post-author product type-product post-1594 status-publish instock product_cat-paneles-solares has-post-thumbnail shipping-taxable purchasable product-type-simple\">\n\t\t\t\t\t\t\t\t\t\t\t\t\t\t\t\n\t\t\t\t\t\t\t\t\t\t\t\t\t\t\t\t\t\t\t\t\t\t\t\t\t\t\t\t<figure  class=\"post-image product-image\">\n\t\t\t\t\t\t            <a href=\"https:\/\/california-concept.com\/es\/produkt\/panel-solar-fotovoltaico-flex-system-150w-volkswagen-california-t7-beach-ocean\/\">\n            \t\t\t\t<img loading=\"lazy\" decoding=\"async\" src=\"https:\/\/california-concept.com\/wp-content\/uploads\/2025\/10\/panele-solarne-volkswagen-california-t7-kopia-1024x1024-1000x1000.jpg\" width=\"1000\" height=\"1000\" class=\"wp-post-image wp-image-1595\" title=\"paneles solares volkswagen california t7 copia\" alt=\"Panel solar fotovoltaico Flex System 150W Volkswagen California T7 Beach Ocean\" srcset=\"https:\/\/california-concept.com\/wp-content\/uploads\/2025\/10\/panele-solarne-volkswagen-california-t7-kopia-1024x1024-1000x1000.jpg 1000w, https:\/\/california-concept.com\/wp-content\/uploads\/2025\/10\/panele-solarne-volkswagen-california-t7-kopia-300x300.jpg 300w, https:\/\/california-concept.com\/wp-content\/uploads\/2025\/10\/panele-solarne-volkswagen-california-t7-kopia-1024x1024.jpg 1024w, https:\/\/california-concept.com\/wp-content\/uploads\/2025\/10\/panele-solarne-volkswagen-california-t7-kopia-150x150.jpg 150w, https:\/\/california-concept.com\/wp-content\/uploads\/2025\/10\/panele-solarne-volkswagen-california-t7-kopia-768x768.jpg 768w, https:\/\/california-concept.com\/wp-content\/uploads\/2025\/10\/panele-solarne-volkswagen-california-t7-kopia-1536x1536.jpg 1536w, https:\/\/california-concept.com\/wp-content\/uploads\/2025\/10\/panele-solarne-volkswagen-california-t7-kopia-600x600.jpg 600w, https:\/\/california-concept.com\/wp-content\/uploads\/2025\/10\/panele-solarne-volkswagen-california-t7-kopia-100x100.jpg 100w, https:\/\/california-concept.com\/wp-content\/uploads\/2025\/10\/panele-solarne-volkswagen-california-t7-kopia-1024x1024-28x28.jpg 28w, https:\/\/california-concept.com\/wp-content\/uploads\/2025\/10\/panele-solarne-volkswagen-california-t7-kopia-1024x1024-47x48.jpg 47w, https:\/\/california-concept.com\/wp-content\/uploads\/2025\/10\/panele-solarne-volkswagen-california-t7-kopia.jpg 1920w\" sizes=\"auto, (max-width: 1000px) 100vw, 1000px\" \/>\t\t\t\n\t\t\t\t\t\t            <\/a>\n\t\t    \t\t<\/figure>\n\t\t\t\t\t\t\t\t\t\t\t\t\t\t\t\t\t\t\t\n\t\t\t\t\t\t\t\t\t    <div class=\"product-content\">\n\t\t    <div class=\"product-content-inner-wrapper\">\n\t\t\t    <div class=\"product-content-inner\">\n\t    \t\t\t\t\t\t\t\t\n\t\t\t\t\t\t\t\t\t\t\t\t\t\t\t\t\t\t\t\t\t\t\t\t\t\t\t\t\t\t\t\t\t\t<h3 class=\"woocommerce-loop-product__title\">\n\t\t\t\t\t\t\t\t\t\t\t\t\t\t\t\t\t\t\t<a href=\"https:\/\/california-concept.com\/es\/produkt\/panel-solar-fotovoltaico-flex-system-150w-volkswagen-california-t7-beach-ocean\/\" title=\"Panel solar fotovoltaico Flex System 150W Volkswagen California T7 Beach Ocean\">\n\t\t\t\t\t\t\t\t\t\t\n\t\t\t\t\t\t\t\t\t\tPanel solar fotovoltaico Flex System 150W Volkswagen California T7 Beach Ocean\n\t\t\t\t\t\t\t\t\t\t\t\t\t\t\t\t\t\t\t\t<\/a>\n\t\t\t\t\t\t\t\t\t\t\t\t\t\t\t\t\t\t<\/h3>\n\t\t\t\t\t\t\t\t\t\t\t\t\t\t\t\t\t  \n\n\t\t\t\t\t\t\t\t\n\t<span class=\"price\"><span class=\"woocommerce-Price-amount amount\"><bdi>1.152,00&nbsp;<span class=\"woocommerce-Price-currencySymbol\">&euro;<\/span><\/bdi><\/span><\/span>\n<p class=\"add-to-cart-button\"><a href=\"\/es\/wp-json\/wp\/v2\/pages\/1551?add-to-cart=1594\" aria-describedby=\"woocommerce_loop_add_to_cart_link_describedby_1594\" data-quantity=\"1\" class=\"button product_type_simple add_to_cart_button ajax_add_to_cart\" data-product_id=\"1594\" data-product_sku=\"CC-FLEX-150W-T7\" aria-label=\"A\u00f1adir al carrito: &ldquo;Panel solar fotovoltaico Flex System 150W Volkswagen California T7 Beach Ocean&rdquo;\" rel=\"nofollow\" data-success_message=\"\u00abPanel solar fotovoltaico Flex System 150W Volkswagen California T7 Beach Ocean\u00bb se ha a\u00f1adido a tu carrito\" role=\"button\">A\u00f1adir al carrito<\/a>\t<span id=\"woocommerce_loop_add_to_cart_link_describedby_1594\" class=\"screen-reader-text\">\n\t\t\t<\/span>\n<\/p>\t\t<div class=\"product-share-wrap tf_inline_b tf_vmiddle\">\n\t\t\t\t\t\t<div class=\"wishlist-wrap tf_inline_b tf_vmiddle\">\n\t\t\t<a data-id=\"1594\" onclick=\"void(0)\" class=\"wishlist-button tf_inline_b tf_textc\" href=\"#\" rel=\"nofollow\">\n\t\t\t\t<svg  aria-label=\"Wishlist\" class=\"tf_fa tf-ti-heart\" xmlns:xlink=\"http:\/\/www.w3.org\/1999\/xlink\" role=\"img\"><use href=\"#tf-ti-heart\" xlink:href=\"#tf-ti-heart\"><\/use><\/svg><span class=\"tooltip\">Wishlist<\/span>\t\t\t<\/a>\n\t\t<\/div> \n        \t\t\t\t\t\t\t\t\t <a onclick=\"return false;\" class=\"quick-look themify-lightbox\" href=\"https:\/\/california-concept.com\/es\/produkt\/panel-solar-fotovoltaico-flex-system-150w-volkswagen-california-t7-beach-ocean\/\" rel=\"nofollow\"><svg  aria-label=\"Quick Look\" class=\"tf_fa tf-ti-zoom-in\" xmlns:xlink=\"http:\/\/www.w3.org\/1999\/xlink\" role=\"img\"><use href=\"#tf-ti-zoom-in\" xlink:href=\"#tf-ti-zoom-in\"><\/use><\/svg><span class=\"tooltip\">Quick Look<\/span><\/a>\n\t\t\t\t\t\t\t\t\t\t\t\t\t<div class=\"share-wrap\">\n\t<a class=\"share-button\" href=\"javascript:void(0);\" rel=\"nofollow\"><svg  aria-label=\"Share\" class=\"tf_fa tf-ti-share\" xmlns:xlink=\"http:\/\/www.w3.org\/1999\/xlink\" role=\"img\"><use href=\"#tf-ti-share\" xlink:href=\"#tf-ti-share\"><\/use><\/svg><span class=\"screen-reader-text\">Share<\/span><\/a>\n\t<div class=\"social-share\">\n\t\t\t\t    <a onclick=\"window.open('\/\/twitter.com\/intent\/tweet?url=https%3A%2F%2Fcalifornia-concept.com%2Fes%2Fprodukt%2Fpanel-solar-fotovoltaico-flex-system-150w-volkswagen-california-t7-beach-ocean&#038;text=Panel+solar+fotovoltaico+Flex+System+150W+Volkswagen+California+T7+Beach+Ocean','twitter','toolbar=0, status=0, width=650, height=360')\" title=\"Twitter\" rel=\"nofollow\" href=\"javascript:void(0);\" class=\"share\">\n\t\t\t<svg  aria-label=\"Twitter\" class=\"tf_fa tf-ti-twitter-alt\" xmlns:xlink=\"http:\/\/www.w3.org\/1999\/xlink\" role=\"img\"><use href=\"#tf-ti-twitter-alt\" xlink:href=\"#tf-ti-twitter-alt\"><\/use><\/svg>\t\t    <\/a>\n\t\t\t\t    <a onclick=\"window.open('https:\/\/www.facebook.com\/sharer\/sharer.php?u=https%3A%2F%2Fcalifornia-concept.com%2Fes%2Fprodukt%2Fpanel-solar-fotovoltaico-flex-system-150w-volkswagen-california-t7-beach-ocean&#038;t=Panel+solar+fotovoltaico+Flex+System+150W+Volkswagen+California+T7+Beach+Ocean&#038;original_referer=https%3A%2F%2Fcalifornia-concept.com%2Fes%2Fprodukt%2Fpanel-solar-fotovoltaico-flex-system-150w-volkswagen-california-t7-beach-ocean%2F','facebook','toolbar=0, status=0, width=900, height=500')\" title=\"Facebook\" rel=\"nofollow\" href=\"javascript:void(0);\" class=\"share\">\n\t\t\t<svg  aria-label=\"Facebook\" class=\"tf_fa tf-ti-facebook\" xmlns:xlink=\"http:\/\/www.w3.org\/1999\/xlink\" role=\"img\"><use href=\"#tf-ti-facebook\" xlink:href=\"#tf-ti-facebook\"><\/use><\/svg>\t\t    <\/a>\n\t\t\t\t    <a onclick=\"window.open('\/\/pinterest.com\/pin\/create\/button\/?url=https%3A%2F%2Fcalifornia-concept.com%2Fes%2Fprodukt%2Fpanel-solar-fotovoltaico-flex-system-150w-volkswagen-california-t7-beach-ocean&#038;description=Panel+solar+fotovoltaico+Flex+System+150W+Volkswagen+California+T7+Beach+Ocean&#038;media=https%3A%2F%2Fcalifornia-concept.com%2Fwp-content%2Fuploads%2F2025%2F10%2Fpanele-solarne-volkswagen-california-t7-kopia.jpg','pinterest','toolbar=no,width=700,height=300')\" title=\"Pinterest\" rel=\"nofollow\" href=\"javascript:void(0);\" class=\"share\">\n\t\t\t<svg  aria-label=\"Pinterest\" class=\"tf_fa tf-ti-pinterest\" xmlns:xlink=\"http:\/\/www.w3.org\/1999\/xlink\" role=\"img\"><use href=\"#tf-ti-pinterest\" xlink:href=\"#tf-ti-pinterest\"><\/use><\/svg>\t\t    <\/a>\n\t\t\t\t    <a onclick=\"window.open('\/\/www.linkedin.com\/cws\/share?url=https%3A%2F%2Fcalifornia-concept.com%2Fes%2Fprodukt%2Fpanel-solar-fotovoltaico-flex-system-150w-volkswagen-california-t7-beach-ocean&#038;token=&#038;isFramed=true','linkedin','toolbar=no,width=550,height=550')\" title=\"LinkedIn\" rel=\"nofollow\" href=\"javascript:void(0);\" class=\"share\">\n\t\t\t<svg  aria-label=\"LinkedIn\" class=\"tf_fa tf-ti-linkedin\" xmlns:xlink=\"http:\/\/www.w3.org\/1999\/xlink\" role=\"img\"><use href=\"#tf-ti-linkedin\" xlink:href=\"#tf-ti-linkedin\"><\/use><\/svg>\t\t    <\/a>\n\t\t\t<\/div>\n<\/div>\n<!-- .post-share -->\n\t\t\t\t\t\t\t<\/div>\n\t\t\t\t\t\t\t\n\t\t\t\t<\/div>\n\t\t\t<\/div>\n\t\t<\/div>\n\t\t\n\t\t\t\t\t\t\t\t\t\t\t\t\t<\/li>\n\t\t\t\t\t\t\t\t\t\t\t\t<li class=\"has-post-title has-post-date no-post-category no-post-tag has-post-comment has-post-author product type-product post-1855 status-publish instock product_cat-equipamiento product_cat-sin-categorizar has-post-thumbnail downloadable shipping-taxable purchasable product-type-simple\">\n\t\t\t\t\t\t\t\t\t\t\t\t\t\t\t\n\t\t\t\t\t\t\t\t\t\t\t\t\t\t\t\t\t\t\t\t\t\t\t\t\t\t\t\t<figure  class=\"post-image product-image\">\n\t\t\t\t\t\t            <a href=\"https:\/\/california-concept.com\/es\/produkt\/kit-de-extension-modular-para-portabicicletas-vw-t5-t6-1-terranger\/\">\n            \t\t\t\t<img loading=\"lazy\" decoding=\"async\" src=\"https:\/\/california-concept.com\/wp-content\/uploads\/2025\/12\/zestaw-montazowy-listwy-airline-1024x1024-1000x1000.jpg\" width=\"1000\" height=\"1000\" class=\"wp-post-image wp-image-1857\" title=\"kit de rieles adicionales para portabicicletas t5\/t6\" alt=\"california concept\" srcset=\"https:\/\/california-concept.com\/wp-content\/uploads\/2025\/12\/zestaw-montazowy-listwy-airline-1024x1024-1000x1000.jpg 1000w, https:\/\/california-concept.com\/wp-content\/uploads\/2025\/12\/zestaw-montazowy-listwy-airline-300x300.jpg 300w, https:\/\/california-concept.com\/wp-content\/uploads\/2025\/12\/zestaw-montazowy-listwy-airline-1024x1024.jpg 1024w, https:\/\/california-concept.com\/wp-content\/uploads\/2025\/12\/zestaw-montazowy-listwy-airline-150x150.jpg 150w, https:\/\/california-concept.com\/wp-content\/uploads\/2025\/12\/zestaw-montazowy-listwy-airline-768x768.jpg 768w, https:\/\/california-concept.com\/wp-content\/uploads\/2025\/12\/zestaw-montazowy-listwy-airline-600x600.jpg 600w, https:\/\/california-concept.com\/wp-content\/uploads\/2025\/12\/zestaw-montazowy-listwy-airline-100x100.jpg 100w, https:\/\/california-concept.com\/wp-content\/uploads\/2025\/12\/zestaw-montazowy-listwy-airline-1024x1024-28x28.jpg 28w, https:\/\/california-concept.com\/wp-content\/uploads\/2025\/12\/zestaw-montazowy-listwy-airline-1024x1024-47x48.jpg 47w, https:\/\/california-concept.com\/wp-content\/uploads\/2025\/12\/zestaw-montazowy-listwy-airline.jpg 1247w\" sizes=\"auto, (max-width: 1000px) 100vw, 1000px\" \/>\t\t\t\n\t\t\t\t\t\t            <\/a>\n\t\t    \t\t<\/figure>\n\t\t\t\t\t\t\t\t\t\t\t\t\t\t\t\t\t\t\t\n\t\t\t\t\t\t\t\t\t    <div class=\"product-content\">\n\t\t    <div class=\"product-content-inner-wrapper\">\n\t\t\t    <div class=\"product-content-inner\">\n\t    \t\t\t\t\t\t\t\t\n\t\t\t\t\t\t\t\t\t\t\t\t\t\t\t\t\t\t\t\t\t\t\t\t\t\t\t\t\t\t\t\t\t\t<h3 class=\"woocommerce-loop-product__title\">\n\t\t\t\t\t\t\t\t\t\t\t\t\t\t\t\t\t\t\t<a href=\"https:\/\/california-concept.com\/es\/produkt\/kit-de-extension-modular-para-portabicicletas-vw-t5-t6-1-terranger\/\" title=\"Kit de extensi\u00f3n modular para portabicicletas VW T5-T6.1 Terranger\">\n\t\t\t\t\t\t\t\t\t\t\n\t\t\t\t\t\t\t\t\t\tKit de extensi\u00f3n modular para portabicicletas VW T5-T6.1 Terranger\n\t\t\t\t\t\t\t\t\t\t\t\t\t\t\t\t\t\t\t\t<\/a>\n\t\t\t\t\t\t\t\t\t\t\t\t\t\t\t\t\t\t<\/h3>\n\t\t\t\t\t\t\t\t\t\t\t\t\t\t\t\t\t  \n\n\t\t\t\t\t\t\t\t\n\t<span class=\"price\"><span class=\"woocommerce-Price-amount amount\"><bdi>1.187,04&nbsp;<span class=\"woocommerce-Price-currencySymbol\">&euro;<\/span><\/bdi><\/span><\/span>\n<p class=\"add-to-cart-button\"><a href=\"\/es\/wp-json\/wp\/v2\/pages\/1551?add-to-cart=1855\" aria-describedby=\"woocommerce_loop_add_to_cart_link_describedby_1855\" data-quantity=\"1\" class=\"button product_type_simple add_to_cart_button ajax_add_to_cart\" data-product_id=\"1855\" data-product_sku=\"\" aria-label=\"A\u00f1adir al carrito: &ldquo;Kit de extensi\u00f3n modular para portabicicletas VW T5-T6.1 Terranger&rdquo;\" rel=\"nofollow\" data-success_message=\"\u00abKit de extensi\u00f3n modular para portabicicletas VW T5-T6.1 Terranger\u00bb se ha a\u00f1adido a tu carrito\" role=\"button\">A\u00f1adir al carrito<\/a>\t<span id=\"woocommerce_loop_add_to_cart_link_describedby_1855\" class=\"screen-reader-text\">\n\t\t\t<\/span>\n<\/p>\t\t<div class=\"product-share-wrap tf_inline_b tf_vmiddle\">\n\t\t\t\t\t\t<div class=\"wishlist-wrap tf_inline_b tf_vmiddle\">\n\t\t\t<a data-id=\"1855\" onclick=\"void(0)\" class=\"wishlist-button tf_inline_b tf_textc\" href=\"#\" rel=\"nofollow\">\n\t\t\t\t<svg  aria-label=\"Wishlist\" class=\"tf_fa tf-ti-heart\" xmlns:xlink=\"http:\/\/www.w3.org\/1999\/xlink\" role=\"img\"><use href=\"#tf-ti-heart\" xlink:href=\"#tf-ti-heart\"><\/use><\/svg><span class=\"tooltip\">Wishlist<\/span>\t\t\t<\/a>\n\t\t<\/div> \n        \t\t\t\t\t\t\t\t\t <a onclick=\"return false;\" class=\"quick-look themify-lightbox\" href=\"https:\/\/california-concept.com\/es\/produkt\/kit-de-extension-modular-para-portabicicletas-vw-t5-t6-1-terranger\/\" rel=\"nofollow\"><svg  aria-label=\"Quick Look\" class=\"tf_fa tf-ti-zoom-in\" xmlns:xlink=\"http:\/\/www.w3.org\/1999\/xlink\" role=\"img\"><use href=\"#tf-ti-zoom-in\" xlink:href=\"#tf-ti-zoom-in\"><\/use><\/svg><span class=\"tooltip\">Quick Look<\/span><\/a>\n\t\t\t\t\t\t\t\t\t\t\t\t\t<div class=\"share-wrap\">\n\t<a class=\"share-button\" href=\"javascript:void(0);\" rel=\"nofollow\"><svg  aria-label=\"Share\" class=\"tf_fa tf-ti-share\" xmlns:xlink=\"http:\/\/www.w3.org\/1999\/xlink\" role=\"img\"><use href=\"#tf-ti-share\" xlink:href=\"#tf-ti-share\"><\/use><\/svg><span class=\"screen-reader-text\">Share<\/span><\/a>\n\t<div class=\"social-share\">\n\t\t\t\t    <a onclick=\"window.open('\/\/twitter.com\/intent\/tweet?url=https%3A%2F%2Fcalifornia-concept.com%2Fes%2Fprodukt%2Fkit-de-extension-modular-para-portabicicletas-vw-t5-t6-1-terranger&#038;text=Kit+de+extensi%C3%B3n+modular+para+portabicicletas+VW+T5-T6.1+Terranger','twitter','toolbar=0, status=0, width=650, height=360')\" title=\"Twitter\" rel=\"nofollow\" href=\"javascript:void(0);\" class=\"share\">\n\t\t\t<svg  aria-label=\"Twitter\" class=\"tf_fa tf-ti-twitter-alt\" xmlns:xlink=\"http:\/\/www.w3.org\/1999\/xlink\" role=\"img\"><use href=\"#tf-ti-twitter-alt\" xlink:href=\"#tf-ti-twitter-alt\"><\/use><\/svg>\t\t    <\/a>\n\t\t\t\t    <a onclick=\"window.open('https:\/\/www.facebook.com\/sharer\/sharer.php?u=https%3A%2F%2Fcalifornia-concept.com%2Fes%2Fprodukt%2Fkit-de-extension-modular-para-portabicicletas-vw-t5-t6-1-terranger&#038;t=Kit+de+extensi%C3%B3n+modular+para+portabicicletas+VW+T5-T6.1+Terranger&#038;original_referer=https%3A%2F%2Fcalifornia-concept.com%2Fes%2Fprodukt%2Fkit-de-extension-modular-para-portabicicletas-vw-t5-t6-1-terranger%2F','facebook','toolbar=0, status=0, width=900, height=500')\" title=\"Facebook\" rel=\"nofollow\" href=\"javascript:void(0);\" class=\"share\">\n\t\t\t<svg  aria-label=\"Facebook\" class=\"tf_fa tf-ti-facebook\" xmlns:xlink=\"http:\/\/www.w3.org\/1999\/xlink\" role=\"img\"><use href=\"#tf-ti-facebook\" xlink:href=\"#tf-ti-facebook\"><\/use><\/svg>\t\t    <\/a>\n\t\t\t\t    <a onclick=\"window.open('\/\/pinterest.com\/pin\/create\/button\/?url=https%3A%2F%2Fcalifornia-concept.com%2Fes%2Fprodukt%2Fkit-de-extension-modular-para-portabicicletas-vw-t5-t6-1-terranger&#038;description=Kit+de+extensi%C3%B3n+modular+para+portabicicletas+VW+T5-T6.1+Terranger&#038;media=https%3A%2F%2Fcalifornia-concept.com%2Fwp-content%2Fuploads%2F2025%2F12%2Fzestaw-montazowy-listwy-airline.jpg','pinterest','toolbar=no,width=700,height=300')\" title=\"Pinterest\" rel=\"nofollow\" href=\"javascript:void(0);\" class=\"share\">\n\t\t\t<svg  aria-label=\"Pinterest\" class=\"tf_fa tf-ti-pinterest\" xmlns:xlink=\"http:\/\/www.w3.org\/1999\/xlink\" role=\"img\"><use href=\"#tf-ti-pinterest\" xlink:href=\"#tf-ti-pinterest\"><\/use><\/svg>\t\t    <\/a>\n\t\t\t\t    <a onclick=\"window.open('\/\/www.linkedin.com\/cws\/share?url=https%3A%2F%2Fcalifornia-concept.com%2Fes%2Fprodukt%2Fkit-de-extension-modular-para-portabicicletas-vw-t5-t6-1-terranger&#038;token=&#038;isFramed=true','linkedin','toolbar=no,width=550,height=550')\" title=\"LinkedIn\" rel=\"nofollow\" href=\"javascript:void(0);\" class=\"share\">\n\t\t\t<svg  aria-label=\"LinkedIn\" class=\"tf_fa tf-ti-linkedin\" xmlns:xlink=\"http:\/\/www.w3.org\/1999\/xlink\" role=\"img\"><use href=\"#tf-ti-linkedin\" xlink:href=\"#tf-ti-linkedin\"><\/use><\/svg>\t\t    <\/a>\n\t\t\t<\/div>\n<\/div>\n<!-- .post-share -->\n\t\t\t\t\t\t\t<\/div>\n\t\t\t\t\t\t\t\n\t\t\t\t<\/div>\n\t\t\t<\/div>\n\t\t<\/div>\n\t\t\n\t\t\t\t\t\t\t\t\t\t\t\t\t<\/li>\n\t\t\t\t\t\t\t\t\t\t\t\t<li class=\"has-post-title has-post-date no-post-category no-post-tag has-post-comment has-post-author product type-product post-1629 status-publish instock product_cat-paneles-solares has-post-thumbnail shipping-taxable purchasable product-type-simple\">\n\t\t\t\t\t\t\t\t\t\t\t\t\t\t\t\n\t\t\t\t\t\t\t\t\t\t\t\t\t\t\t\t\t\t\t\t\t\t\t\t\t\t\t\t<figure  class=\"post-image product-image\">\n\t\t\t\t\t\t            <a href=\"https:\/\/california-concept.com\/es\/produkt\/panel-solar-fotovoltaico-flex-system-300w-volkswagen-california-t7\/\">\n            \t\t\t\t<img loading=\"lazy\" decoding=\"async\" src=\"https:\/\/california-concept.com\/wp-content\/uploads\/2026\/01\/panele-wild-concept-t7-300w-1024x1024-1000x1000.jpg\" width=\"1000\" height=\"1000\" class=\"wp-post-image wp-image-1631\" title=\"paneles wild-concept t7 300w\" alt=\"Panel solar fotovoltaico Flex System 300W Volkswagen California T7\" srcset=\"https:\/\/california-concept.com\/wp-content\/uploads\/2026\/01\/panele-wild-concept-t7-300w-1024x1024-1000x1000.jpg 1000w, https:\/\/california-concept.com\/wp-content\/uploads\/2026\/01\/panele-wild-concept-t7-300w-300x300.jpg 300w, https:\/\/california-concept.com\/wp-content\/uploads\/2026\/01\/panele-wild-concept-t7-300w-1024x1024.jpg 1024w, https:\/\/california-concept.com\/wp-content\/uploads\/2026\/01\/panele-wild-concept-t7-300w-150x150.jpg 150w, https:\/\/california-concept.com\/wp-content\/uploads\/2026\/01\/panele-wild-concept-t7-300w-768x768.jpg 768w, https:\/\/california-concept.com\/wp-content\/uploads\/2026\/01\/panele-wild-concept-t7-300w-1536x1536.jpg 1536w, https:\/\/california-concept.com\/wp-content\/uploads\/2026\/01\/panele-wild-concept-t7-300w-600x600.jpg 600w, https:\/\/california-concept.com\/wp-content\/uploads\/2026\/01\/panele-wild-concept-t7-300w-100x100.jpg 100w, https:\/\/california-concept.com\/wp-content\/uploads\/2026\/01\/panele-wild-concept-t7-300w-1024x1024-28x28.jpg 28w, https:\/\/california-concept.com\/wp-content\/uploads\/2026\/01\/panele-wild-concept-t7-300w-1024x1024-47x48.jpg 47w, https:\/\/california-concept.com\/wp-content\/uploads\/2026\/01\/panele-wild-concept-t7-300w.jpg 1920w\" sizes=\"auto, (max-width: 1000px) 100vw, 1000px\" \/>\t\t\t\n\t\t\t\t\t\t            <\/a>\n\t\t    \t\t<\/figure>\n\t\t\t\t\t\t\t\t\t\t\t\t\t\t\t\t\t\t\t\n\t\t\t\t\t\t\t\t\t    <div class=\"product-content\">\n\t\t    <div class=\"product-content-inner-wrapper\">\n\t\t\t    <div class=\"product-content-inner\">\n\t    \t\t\t\t\t\t\t\t\n\t\t\t\t\t\t\t\t\t\t\t\t\t\t\t\t\t\t\t\t\t\t\t\t\t\t\t\t\t\t\t\t\t\t<h3 class=\"woocommerce-loop-product__title\">\n\t\t\t\t\t\t\t\t\t\t\t\t\t\t\t\t\t\t\t<a href=\"https:\/\/california-concept.com\/es\/produkt\/panel-solar-fotovoltaico-flex-system-300w-volkswagen-california-t7\/\" title=\"Panel solar fotovoltaico Flex System 300W Volkswagen California T7\">\n\t\t\t\t\t\t\t\t\t\t\n\t\t\t\t\t\t\t\t\t\tPanel solar fotovoltaico Flex System 300W Volkswagen California T7\n\t\t\t\t\t\t\t\t\t\t\t\t\t\t\t\t\t\t\t\t<\/a>\n\t\t\t\t\t\t\t\t\t\t\t\t\t\t\t\t\t\t<\/h3>\n\t\t\t\t\t\t\t\t\t\t\t\t\t\t\t\t\t  \n\n\t\t\t\t\t\t\t\t\n\t<span class=\"price\"><span class=\"woocommerce-Price-amount amount\"><bdi>1.680,00&nbsp;<span class=\"woocommerce-Price-currencySymbol\">&euro;<\/span><\/bdi><\/span><\/span>\n<p class=\"add-to-cart-button\"><a href=\"\/es\/wp-json\/wp\/v2\/pages\/1551?add-to-cart=1629\" aria-describedby=\"woocommerce_loop_add_to_cart_link_describedby_1629\" data-quantity=\"1\" class=\"button product_type_simple add_to_cart_button ajax_add_to_cart\" data-product_id=\"1629\" data-product_sku=\"CC-FLEX-300W-T7\" aria-label=\"A\u00f1adir al carrito: &ldquo;Panel solar fotovoltaico Flex System 300W Volkswagen California T7&rdquo;\" rel=\"nofollow\" data-success_message=\"\u00abPanel solar fotovoltaico Flex System 300W Volkswagen California T7\u00bb se ha a\u00f1adido a tu carrito\" role=\"button\">A\u00f1adir al carrito<\/a>\t<span id=\"woocommerce_loop_add_to_cart_link_describedby_1629\" class=\"screen-reader-text\">\n\t\t\t<\/span>\n<\/p>\t\t<div class=\"product-share-wrap tf_inline_b tf_vmiddle\">\n\t\t\t\t\t\t<div class=\"wishlist-wrap tf_inline_b tf_vmiddle\">\n\t\t\t<a data-id=\"1629\" onclick=\"void(0)\" class=\"wishlist-button tf_inline_b tf_textc\" href=\"#\" rel=\"nofollow\">\n\t\t\t\t<svg  aria-label=\"Wishlist\" class=\"tf_fa tf-ti-heart\" xmlns:xlink=\"http:\/\/www.w3.org\/1999\/xlink\" role=\"img\"><use href=\"#tf-ti-heart\" xlink:href=\"#tf-ti-heart\"><\/use><\/svg><span class=\"tooltip\">Wishlist<\/span>\t\t\t<\/a>\n\t\t<\/div> \n        \t\t\t\t\t\t\t\t\t <a onclick=\"return false;\" class=\"quick-look themify-lightbox\" href=\"https:\/\/california-concept.com\/es\/produkt\/panel-solar-fotovoltaico-flex-system-300w-volkswagen-california-t7\/\" rel=\"nofollow\"><svg  aria-label=\"Quick Look\" class=\"tf_fa tf-ti-zoom-in\" xmlns:xlink=\"http:\/\/www.w3.org\/1999\/xlink\" role=\"img\"><use href=\"#tf-ti-zoom-in\" xlink:href=\"#tf-ti-zoom-in\"><\/use><\/svg><span class=\"tooltip\">Quick Look<\/span><\/a>\n\t\t\t\t\t\t\t\t\t\t\t\t\t<div class=\"share-wrap\">\n\t<a class=\"share-button\" href=\"javascript:void(0);\" rel=\"nofollow\"><svg  aria-label=\"Share\" class=\"tf_fa tf-ti-share\" xmlns:xlink=\"http:\/\/www.w3.org\/1999\/xlink\" role=\"img\"><use href=\"#tf-ti-share\" xlink:href=\"#tf-ti-share\"><\/use><\/svg><span class=\"screen-reader-text\">Share<\/span><\/a>\n\t<div class=\"social-share\">\n\t\t\t\t    <a onclick=\"window.open('\/\/twitter.com\/intent\/tweet?url=https%3A%2F%2Fcalifornia-concept.com%2Fes%2Fprodukt%2Fpanel-solar-fotovoltaico-flex-system-300w-volkswagen-california-t7&#038;text=Panel+solar+fotovoltaico+Flex+System+300W+Volkswagen+California+T7','twitter','toolbar=0, status=0, width=650, height=360')\" title=\"Twitter\" rel=\"nofollow\" href=\"javascript:void(0);\" class=\"share\">\n\t\t\t<svg  aria-label=\"Twitter\" class=\"tf_fa tf-ti-twitter-alt\" xmlns:xlink=\"http:\/\/www.w3.org\/1999\/xlink\" role=\"img\"><use href=\"#tf-ti-twitter-alt\" xlink:href=\"#tf-ti-twitter-alt\"><\/use><\/svg>\t\t    <\/a>\n\t\t\t\t    <a onclick=\"window.open('https:\/\/www.facebook.com\/sharer\/sharer.php?u=https%3A%2F%2Fcalifornia-concept.com%2Fes%2Fprodukt%2Fpanel-solar-fotovoltaico-flex-system-300w-volkswagen-california-t7&#038;t=Panel+solar+fotovoltaico+Flex+System+300W+Volkswagen+California+T7&#038;original_referer=https%3A%2F%2Fcalifornia-concept.com%2Fes%2Fprodukt%2Fpanel-solar-fotovoltaico-flex-system-300w-volkswagen-california-t7%2F','facebook','toolbar=0, status=0, width=900, height=500')\" title=\"Facebook\" rel=\"nofollow\" href=\"javascript:void(0);\" class=\"share\">\n\t\t\t<svg  aria-label=\"Facebook\" class=\"tf_fa tf-ti-facebook\" xmlns:xlink=\"http:\/\/www.w3.org\/1999\/xlink\" role=\"img\"><use href=\"#tf-ti-facebook\" xlink:href=\"#tf-ti-facebook\"><\/use><\/svg>\t\t    <\/a>\n\t\t\t\t    <a onclick=\"window.open('\/\/pinterest.com\/pin\/create\/button\/?url=https%3A%2F%2Fcalifornia-concept.com%2Fes%2Fprodukt%2Fpanel-solar-fotovoltaico-flex-system-300w-volkswagen-california-t7&#038;description=Panel+solar+fotovoltaico+Flex+System+300W+Volkswagen+California+T7&#038;media=https%3A%2F%2Fcalifornia-concept.com%2Fwp-content%2Fuploads%2F2026%2F01%2Fpanele-wild-concept-t7-300w.jpg','pinterest','toolbar=no,width=700,height=300')\" title=\"Pinterest\" rel=\"nofollow\" href=\"javascript:void(0);\" class=\"share\">\n\t\t\t<svg  aria-label=\"Pinterest\" class=\"tf_fa tf-ti-pinterest\" xmlns:xlink=\"http:\/\/www.w3.org\/1999\/xlink\" role=\"img\"><use href=\"#tf-ti-pinterest\" xlink:href=\"#tf-ti-pinterest\"><\/use><\/svg>\t\t    <\/a>\n\t\t\t\t    <a onclick=\"window.open('\/\/www.linkedin.com\/cws\/share?url=https%3A%2F%2Fcalifornia-concept.com%2Fes%2Fprodukt%2Fpanel-solar-fotovoltaico-flex-system-300w-volkswagen-california-t7&#038;token=&#038;isFramed=true','linkedin','toolbar=no,width=550,height=550')\" title=\"LinkedIn\" rel=\"nofollow\" href=\"javascript:void(0);\" class=\"share\">\n\t\t\t<svg  aria-label=\"LinkedIn\" class=\"tf_fa tf-ti-linkedin\" xmlns:xlink=\"http:\/\/www.w3.org\/1999\/xlink\" role=\"img\"><use href=\"#tf-ti-linkedin\" xlink:href=\"#tf-ti-linkedin\"><\/use><\/svg>\t\t    <\/a>\n\t\t\t<\/div>\n<\/div>\n<!-- .post-share -->\n\t\t\t\t\t\t\t<\/div>\n\t\t\t\t\t\t\t\n\t\t\t\t<\/div>\n\t\t\t<\/div>\n\t\t<\/div>\n\t\t\n\t\t\t\t\t\t\t\t\t\t\t\t\t<\/li>\n\t\t\t\t\t\t\t\t\t\t\t\t<li class=\"has-post-title has-post-date no-post-category no-post-tag has-post-comment has-post-author product type-product post-1768 status-publish instock product_cat-suspension has-post-thumbnail shipping-taxable purchasable product-type-simple\">\n\t\t\t\t\t\t\t\t\t\t\t\t\t\t\t\n\t\t\t\t\t\t\t\t\t\t\t\t\t\t\t\t\t\t\t\t\t\t\t\t\t\t\t\t<figure  class=\"post-image product-image\">\n\t\t\t\t\t\t            <a href=\"https:\/\/california-concept.com\/es\/produkt\/muelles-traseros-vw-t5-t6-t6-1-25-35-mm-california\/\">\n            \t\t\t\t<img loading=\"lazy\" decoding=\"async\" src=\"https:\/\/california-concept.com\/wp-content\/uploads\/2025\/07\/sprezyny-usztywniajace-tyl--1024x904-1000x1000.jpg\" width=\"1000\" height=\"1000\" class=\"wp-post-image wp-image-1771\" title=\"muelles de refuerzo traseros\" alt=\"Muelles traseros VW T5 \/ T6 \/ T6.1 | +25\u201335 mm California\" srcset=\"https:\/\/california-concept.com\/wp-content\/uploads\/2025\/07\/sprezyny-usztywniajace-tyl--1024x904-1000x1000.jpg 1000w, https:\/\/california-concept.com\/wp-content\/uploads\/2025\/07\/sprezyny-usztywniajace-tyl--150x150.jpg 150w, https:\/\/california-concept.com\/wp-content\/uploads\/2025\/07\/sprezyny-usztywniajace-tyl--300x300.jpg 300w, https:\/\/california-concept.com\/wp-content\/uploads\/2025\/07\/sprezyny-usztywniajace-tyl--100x100.jpg 100w, https:\/\/california-concept.com\/wp-content\/uploads\/2025\/07\/sprezyny-usztywniajace-tyl--1024x904-28x28.jpg 28w, https:\/\/california-concept.com\/wp-content\/uploads\/2025\/07\/sprezyny-usztywniajace-tyl--1024x904-47x48.jpg 47w\" sizes=\"auto, (max-width: 1000px) 100vw, 1000px\" \/>\t\t\t\n\t\t\t\t\t\t            <\/a>\n\t\t    \t\t<\/figure>\n\t\t\t\t\t\t\t\t\t\t\t\t\t\t\t\t\t\t\t\n\t\t\t\t\t\t\t\t\t    <div class=\"product-content\">\n\t\t    <div class=\"product-content-inner-wrapper\">\n\t\t\t    <div class=\"product-content-inner\">\n\t    \t\t\t\t\t\t\t\t\n\t\t\t\t\t\t\t\t\t\t\t\t\t\t\t\t\t\t\t\t\t\t\t\t\t\t\t\t\t\t\t\t\t\t<h3 class=\"woocommerce-loop-product__title\">\n\t\t\t\t\t\t\t\t\t\t\t\t\t\t\t\t\t\t\t<a href=\"https:\/\/california-concept.com\/es\/produkt\/muelles-traseros-vw-t5-t6-t6-1-25-35-mm-california\/\" title=\"Muelles traseros VW T5 \/ T6 \/ T6.1 | +25\u201335 mm California\">\n\t\t\t\t\t\t\t\t\t\t\n\t\t\t\t\t\t\t\t\t\tMuelles traseros VW T5 \/ T6 \/ T6.1 | +25\u201335 mm California\n\t\t\t\t\t\t\t\t\t\t\t\t\t\t\t\t\t\t\t\t<\/a>\n\t\t\t\t\t\t\t\t\t\t\t\t\t\t\t\t\t\t<\/h3>\n\t\t\t\t\t\t\t\t\t\t\t\t\t\t\t\t\t  \n\n\t\t\t\t\t\t\t\t\n\t<span class=\"price\"><span class=\"woocommerce-Price-amount amount\"><bdi>552,00&nbsp;<span class=\"woocommerce-Price-currencySymbol\">&euro;<\/span><\/bdi><\/span><\/span>\n<p class=\"add-to-cart-button\"><a href=\"\/es\/wp-json\/wp\/v2\/pages\/1551?add-to-cart=1768\" aria-describedby=\"woocommerce_loop_add_to_cart_link_describedby_1768\" data-quantity=\"1\" class=\"button product_type_simple add_to_cart_button ajax_add_to_cart\" data-product_id=\"1768\" data-product_sku=\"\" aria-label=\"A\u00f1adir al carrito: &ldquo;Muelles traseros VW T5 \/ T6 \/ T6.1 | +25\u201335 mm California&rdquo;\" rel=\"nofollow\" data-success_message=\"\u00abMuelles traseros VW T5 \/ T6 \/ T6.1 | +25\u201335 mm California\u00bb se ha a\u00f1adido a tu carrito\" role=\"button\">A\u00f1adir al carrito<\/a>\t<span id=\"woocommerce_loop_add_to_cart_link_describedby_1768\" class=\"screen-reader-text\">\n\t\t\t<\/span>\n<\/p>\t\t<div class=\"product-share-wrap tf_inline_b tf_vmiddle\">\n\t\t\t\t\t\t<div class=\"wishlist-wrap tf_inline_b tf_vmiddle\">\n\t\t\t<a data-id=\"1768\" onclick=\"void(0)\" class=\"wishlist-button tf_inline_b tf_textc\" href=\"#\" rel=\"nofollow\">\n\t\t\t\t<svg  aria-label=\"Wishlist\" class=\"tf_fa tf-ti-heart\" xmlns:xlink=\"http:\/\/www.w3.org\/1999\/xlink\" role=\"img\"><use href=\"#tf-ti-heart\" xlink:href=\"#tf-ti-heart\"><\/use><\/svg><span class=\"tooltip\">Wishlist<\/span>\t\t\t<\/a>\n\t\t<\/div> \n        \t\t\t\t\t\t\t\t\t <a onclick=\"return false;\" class=\"quick-look themify-lightbox\" href=\"https:\/\/california-concept.com\/es\/produkt\/muelles-traseros-vw-t5-t6-t6-1-25-35-mm-california\/\" rel=\"nofollow\"><svg  aria-label=\"Quick Look\" class=\"tf_fa tf-ti-zoom-in\" xmlns:xlink=\"http:\/\/www.w3.org\/1999\/xlink\" role=\"img\"><use href=\"#tf-ti-zoom-in\" xlink:href=\"#tf-ti-zoom-in\"><\/use><\/svg><span class=\"tooltip\">Quick Look<\/span><\/a>\n\t\t\t\t\t\t\t\t\t\t\t\t\t<div class=\"share-wrap\">\n\t<a class=\"share-button\" href=\"javascript:void(0);\" rel=\"nofollow\"><svg  aria-label=\"Share\" class=\"tf_fa tf-ti-share\" xmlns:xlink=\"http:\/\/www.w3.org\/1999\/xlink\" role=\"img\"><use href=\"#tf-ti-share\" xlink:href=\"#tf-ti-share\"><\/use><\/svg><span class=\"screen-reader-text\">Share<\/span><\/a>\n\t<div class=\"social-share\">\n\t\t\t\t    <a onclick=\"window.open('\/\/twitter.com\/intent\/tweet?url=https%3A%2F%2Fcalifornia-concept.com%2Fes%2Fprodukt%2Fmuelles-traseros-vw-t5-t6-t6-1-25-35-mm-california&#038;text=Muelles+traseros+VW+T5+%2F+T6+%2F+T6.1+%7C+%2B25%E2%80%9335+mm+California','twitter','toolbar=0, status=0, width=650, height=360')\" title=\"Twitter\" rel=\"nofollow\" href=\"javascript:void(0);\" class=\"share\">\n\t\t\t<svg  aria-label=\"Twitter\" class=\"tf_fa tf-ti-twitter-alt\" xmlns:xlink=\"http:\/\/www.w3.org\/1999\/xlink\" role=\"img\"><use href=\"#tf-ti-twitter-alt\" xlink:href=\"#tf-ti-twitter-alt\"><\/use><\/svg>\t\t    <\/a>\n\t\t\t\t    <a onclick=\"window.open('https:\/\/www.facebook.com\/sharer\/sharer.php?u=https%3A%2F%2Fcalifornia-concept.com%2Fes%2Fprodukt%2Fmuelles-traseros-vw-t5-t6-t6-1-25-35-mm-california&#038;t=Muelles+traseros+VW+T5+%2F+T6+%2F+T6.1+%7C+%2B25%E2%80%9335+mm+California&#038;original_referer=https%3A%2F%2Fcalifornia-concept.com%2Fes%2Fprodukt%2Fmuelles-traseros-vw-t5-t6-t6-1-25-35-mm-california%2F','facebook','toolbar=0, status=0, width=900, height=500')\" title=\"Facebook\" rel=\"nofollow\" href=\"javascript:void(0);\" class=\"share\">\n\t\t\t<svg  aria-label=\"Facebook\" class=\"tf_fa tf-ti-facebook\" xmlns:xlink=\"http:\/\/www.w3.org\/1999\/xlink\" role=\"img\"><use href=\"#tf-ti-facebook\" xlink:href=\"#tf-ti-facebook\"><\/use><\/svg>\t\t    <\/a>\n\t\t\t\t    <a onclick=\"window.open('\/\/pinterest.com\/pin\/create\/button\/?url=https%3A%2F%2Fcalifornia-concept.com%2Fes%2Fprodukt%2Fmuelles-traseros-vw-t5-t6-t6-1-25-35-mm-california&#038;description=Muelles+traseros+VW+T5+%2F+T6+%2F+T6.1+%7C+%2B25%E2%80%9335+mm+California&#038;media=https%3A%2F%2Fcalifornia-concept.com%2Fwp-content%2Fuploads%2F2025%2F07%2Fsprezyny-usztywniajace-tyl-.jpg','pinterest','toolbar=no,width=700,height=300')\" title=\"Pinterest\" rel=\"nofollow\" href=\"javascript:void(0);\" class=\"share\">\n\t\t\t<svg  aria-label=\"Pinterest\" class=\"tf_fa tf-ti-pinterest\" xmlns:xlink=\"http:\/\/www.w3.org\/1999\/xlink\" role=\"img\"><use href=\"#tf-ti-pinterest\" xlink:href=\"#tf-ti-pinterest\"><\/use><\/svg>\t\t    <\/a>\n\t\t\t\t    <a onclick=\"window.open('\/\/www.linkedin.com\/cws\/share?url=https%3A%2F%2Fcalifornia-concept.com%2Fes%2Fprodukt%2Fmuelles-traseros-vw-t5-t6-t6-1-25-35-mm-california&#038;token=&#038;isFramed=true','linkedin','toolbar=no,width=550,height=550')\" title=\"LinkedIn\" rel=\"nofollow\" href=\"javascript:void(0);\" class=\"share\">\n\t\t\t<svg  aria-label=\"LinkedIn\" class=\"tf_fa tf-ti-linkedin\" xmlns:xlink=\"http:\/\/www.w3.org\/1999\/xlink\" role=\"img\"><use href=\"#tf-ti-linkedin\" xlink:href=\"#tf-ti-linkedin\"><\/use><\/svg>\t\t    <\/a>\n\t\t\t<\/div>\n<\/div>\n<!-- .post-share -->\n\t\t\t\t\t\t\t<\/div>\n\t\t\t\t\t\t\t\n\t\t\t\t<\/div>\n\t\t\t<\/div>\n\t\t<\/div>\n\t\t\n\t\t\t\t\t\t\t\t\t\t\t\t\t<\/li>\n\t\t\t\t\t\t\t\t\t\t\t\t\t<\/ul>\n\t\t\t\t<\/div>\n\t<!-- module buttons -->\n<div  class=\"module module-buttons tb_vtxg834 buttons-horizontal solid   circle\" data-lazy=\"1\">\n        <div class=\"module-buttons-item tf_in_flx\">\n                        <a href=\"https:\/\/california-concept.com\/sklep\" class=\"ui builder_button tf_in_flx tb_default_color\" >\n                                                Todos los productos                                        <\/a>\n                <\/div>\n            <\/div>\n<!-- \/module buttons -->\n        <\/div>\n                        <\/div>\n        <\/div>\n                        <div  data-css_id=\"yedn156\" data-lazy=\"1\" class=\"module_row themify_builder_row fullwidth tb_yedn156 tf_w hide-tablet hide-mobile\">\n                        <div class=\"row_inner col_align_middle tb_col_count_2 tf_box tf_rel\">\n                        <div  data-lazy=\"1\" class=\"module_column tb-column col4-2 tb_dodj157 first\">\n                    <!-- module text -->\n<div  class=\"module module-text tb_4o4i450   \" data-lazy=\"1\">\n        <div  class=\"tb_text_wrap\">\n        <h3 style=\"text-align: center;\">Si elige kits, solicite un presupuesto individual<\/h3>    <\/div>\n<\/div>\n<!-- \/module text -->        <\/div>\n                    <div  data-lazy=\"1\" class=\"module_column tb-column col4-2 tb_s47n563 last\">\n                    <!-- module buttons -->\n<div  class=\"module module-buttons tb_iqme339 buttons-horizontal solid   circle\" data-lazy=\"1\">\n        <div class=\"module-buttons-item tf_in_flx\">\n                        <a href=\"https:\/\/california-concept.com\/promocje\" class=\"ui builder_button tf_in_flx tb_default_color\" >\n                                                Aproveche la promoci\u00f3n                                        <\/a>\n                <\/div>\n            <\/div>\n<!-- \/module buttons -->\n        <\/div>\n                        <\/div>\n        <\/div>\n                        <div  data-css_id=\"gdy2865\" data-lazy=\"1\" class=\"module_row themify_builder_row fullwidth tb_gdy2865 tf_w hide-desktop hide-tablet_landscape\">\n                        <div class=\"row_inner col_align_middle tb_col_count_2 tf_box tf_rel\">\n                        <div  data-lazy=\"1\" class=\"module_column tb-column col4-2 tb_uxtk865 first\">\n                    <!-- module text -->\n<div  class=\"module module-text tb_qlsr865   \" data-lazy=\"1\">\n        <div  class=\"tb_text_wrap\">\n        <h3 style=\"text-align: center;\">Promoci\u00f3n en todos los productos -5% con el c\u00f3digo PROMO2025<\/h3>    <\/div>\n<\/div>\n<!-- \/module text -->        <\/div>\n                    <div  data-lazy=\"1\" class=\"module_column tb-column col4-2 tb_yjp1865 last\">\n                    <!-- module buttons -->\n<div  class=\"module module-buttons tb_icyy865 buttons-horizontal solid   circle\" data-lazy=\"1\">\n        <div class=\"module-buttons-item tf_in_flx\">\n                        <a href=\"https:\/\/california-concept.com\/promocje\" class=\"ui builder_button tf_in_flx tb_default_color\" >\n                                                Aproveche la promoci\u00f3n                                        <\/a>\n                <\/div>\n            <\/div>\n<!-- \/module buttons -->\n        <\/div>\n                        <\/div>\n        <\/div>\n                        <div  data-lazy=\"1\" class=\"module_row themify_builder_row tb_otop292 tf_w\">\n                        <div class=\"row_inner col_align_top tb_col_count_1 tf_box tf_rel\">\n                        <div  data-lazy=\"1\" class=\"module_column tb-column col-full tb_3z2j292 first\">\n                    <!-- module text -->\n<div  class=\"module module-text tb_uk9534   \" data-lazy=\"1\">\n        <div  class=\"tb_text_wrap\">\n        <h2 style=\"text-align: center;\">Tienda Volkswagen California<\/h2>    <\/div>\n<\/div>\n<!-- \/module text --><!-- module text -->\n<div  class=\"module module-text tb_lfq2764   \" data-lazy=\"1\">\n        <div  class=\"tb_text_wrap\">\n        <p>Nuestra tienda California Concept ofrece <strong>los mejores accesorios para los veh\u00edculos Volkswagen California y Volkswagen Grand California<\/strong>. Aqu\u00ed encontrar\u00e1 productos de la m\u00e1s alta calidad que aumentan la funcionalidad y la comodidad de sus viajes, acampadas y tiempo libre en la naturaleza.<\/p>    <\/div>\n<\/div>\n<!-- \/module text -->        <div  data-lazy=\"1\" class=\"module_subrow themify_builder_sub_row tf_w col_align_top tb_col_count_2 tb_rrtz812\">\n                <div  data-lazy=\"1\" class=\"module_column sub_column col4-2 tb_7eia812 first\">\n                    <!-- module image -->\n<div  class=\"module module-image tb_zuib246 image-center   auto_fullwidth tf_mw\" data-lazy=\"1\">\n        <div class=\"image-wrap tf_rel tf_mw\">\n            <img loading=\"lazy\" decoding=\"async\" width=\"1920\" height=\"1920\" src=\"https:\/\/california-concept.com\/wp-content\/uploads\/2025\/05\/Panel-solar-Flex-system-widok-z-gory.jpg\" class=\"wp-post-image wp-image-1139\" title=\"Panel solar Flex system widok z go\u0301ry\" alt=\"Panel solarny Flex System VW California - widok z g\u00f3ry\" srcset=\"https:\/\/california-concept.com\/wp-content\/uploads\/2025\/05\/Panel-solar-Flex-system-widok-z-gory.jpg 1920w, https:\/\/california-concept.com\/wp-content\/uploads\/2025\/05\/Panel-solar-Flex-system-widok-z-gory-300x300.jpg 300w, https:\/\/california-concept.com\/wp-content\/uploads\/2025\/05\/Panel-solar-Flex-system-widok-z-gory-1024x1024.jpg 1024w, https:\/\/california-concept.com\/wp-content\/uploads\/2025\/05\/Panel-solar-Flex-system-widok-z-gory-150x150.jpg 150w, https:\/\/california-concept.com\/wp-content\/uploads\/2025\/05\/Panel-solar-Flex-system-widok-z-gory-768x768.jpg 768w, https:\/\/california-concept.com\/wp-content\/uploads\/2025\/05\/Panel-solar-Flex-system-widok-z-gory-1536x1536.jpg 1536w, https:\/\/california-concept.com\/wp-content\/uploads\/2025\/05\/Panel-solar-Flex-system-widok-z-gory-600x600.jpg 600w, https:\/\/california-concept.com\/wp-content\/uploads\/2025\/05\/Panel-solar-Flex-system-widok-z-gory-100x100.jpg 100w, https:\/\/california-concept.com\/wp-content\/uploads\/2025\/05\/Panel-solar-Flex-system-widok-z-gory-1024x1024-1000x1000.jpg 1000w, https:\/\/california-concept.com\/wp-content\/uploads\/2025\/05\/Panel-solar-Flex-system-widok-z-gory-1024x1024-28x28.jpg 28w\" sizes=\"auto, (max-width: 1920px) 100vw, 1920px\" \/>    \n        <\/div>\n    <!-- \/image-wrap -->\n    \n        <\/div>\n<!-- \/module image --><!-- module text -->\n<div  class=\"module module-text tb_lj4a578   \" data-lazy=\"1\">\n        <div  class=\"tb_text_wrap\">\n        <h3>Paneles fotovoltaicos y estaciones de energ\u00eda para VW California<\/h3>    <\/div>\n<\/div>\n<!-- \/module text --><!-- module text -->\n<div  class=\"module module-text tb_8muk366   \" data-lazy=\"1\">\n        <div  class=\"tb_text_wrap\">\n        <p>Imagine que est\u00e1 en alg\u00fan lugar remoto, quiz\u00e1s junto a un lago, en las monta\u00f1as o en un campamento salvaje, lejos del bullicio de la ciudad. El sol calienta, el paisaje es impresionante y no tiene que preocuparse por si tendr\u00e1 suficiente electricidad para la iluminaci\u00f3n nocturna, cargar el tel\u00e9fono o alimentar la nevera. \u00bfSuena bien? <strong>Aqu\u00ed encontrar\u00e1 todo lo que necesita para una total independencia energ\u00e9tica en su VW California<\/strong>.<\/p>\n<p>Nuestros <strong>paneles solares<\/strong> son ligeros, eficientes y f\u00e1ciles de instalar, ideales para captar cada rayo de sol, est\u00e9 donde est\u00e9. Y si necesita algo m\u00e1s, consulte nuestras <strong>estaciones de energ\u00eda port\u00e1tiles<\/strong>. Son un verdadero centro de control energ\u00e9tico: puede conectar pr\u00e1cticamente todo lo que necesite en su viaje. Gracias a esto, su autocaravana ser\u00e1 autosuficiente y usted ganar\u00e1 total libertad para viajar sin preocuparse por el acceso a una toma de corriente.<\/p>    <\/div>\n<\/div>\n<!-- \/module text -->        <\/div>\n                    <div  data-lazy=\"1\" class=\"module_column sub_column col4-2 tb_vun2789 last\">\n                    <!-- module image -->\n<div  class=\"module module-image tb_x5si17 image-center   auto_fullwidth tf_mw\" data-lazy=\"1\">\n        <div class=\"image-wrap tf_rel tf_mw\">\n            <img loading=\"lazy\" decoding=\"async\" width=\"1200\" height=\"1200\" src=\"https:\/\/california-concept.com\/wp-content\/uploads\/2025\/05\/vw-california-concept-w-otoczeniu-wulkanow-.jpg\" class=\"wp-post-image wp-image-1149\" title=\"vw california concept w otoczeniu wulkano\u0301w\" alt=\"vw california concept bokiem z trapami w wulkanicznym klimacie\" srcset=\"https:\/\/california-concept.com\/wp-content\/uploads\/2025\/05\/vw-california-concept-w-otoczeniu-wulkanow-.jpg 1200w, https:\/\/california-concept.com\/wp-content\/uploads\/2025\/05\/vw-california-concept-w-otoczeniu-wulkanow--300x300.jpg 300w, https:\/\/california-concept.com\/wp-content\/uploads\/2025\/05\/vw-california-concept-w-otoczeniu-wulkanow--1024x1024.jpg 1024w, https:\/\/california-concept.com\/wp-content\/uploads\/2025\/05\/vw-california-concept-w-otoczeniu-wulkanow--150x150.jpg 150w, https:\/\/california-concept.com\/wp-content\/uploads\/2025\/05\/vw-california-concept-w-otoczeniu-wulkanow--768x768.jpg 768w, https:\/\/california-concept.com\/wp-content\/uploads\/2025\/05\/vw-california-concept-w-otoczeniu-wulkanow--600x600.jpg 600w, https:\/\/california-concept.com\/wp-content\/uploads\/2025\/05\/vw-california-concept-w-otoczeniu-wulkanow--100x100.jpg 100w\" sizes=\"auto, (max-width: 1200px) 100vw, 1200px\" \/>    \n        <\/div>\n    <!-- \/image-wrap -->\n    \n        <\/div>\n<!-- \/module image --><!-- module text -->\n<div  class=\"module module-text tb_8vyt789   \" data-lazy=\"1\">\n        <div  class=\"tb_text_wrap\">\n        <h3>Equipamiento interior y exterior para VW California<\/h3>    <\/div>\n<\/div>\n<!-- \/module text --><!-- module text -->\n<div  class=\"module module-text tb_d2az789   \" data-lazy=\"1\">\n        <div  class=\"tb_text_wrap\">\n        <p>\u00bfEs su VW California algo m\u00e1s que un simple medio de transporte? Para nosotros, es un hogar sobre ruedas que debe ser c\u00f3modo, funcional y adaptado a sus necesidades. Por eso, en California Concept tenemos todo lo que necesita para que su autocaravana sea a\u00fan m\u00e1s pr\u00e1ctica y confortable. Nuestro <strong>equipamiento interior para VW California<\/strong> son soluciones probadas que le facilitar\u00e1n la vida diaria en la carretera.<\/p>\n<p>\u00bfY qu\u00e9 hay del lado exterior de la aventura? Ya sea que planee largas noches alrededor de una hoguera o relajarse bajo un toldo a la sombra, tenemos el <strong>equipamiento exterior<\/strong> adecuado para usted. Mesas, sillas, toldos e incluso duchas de camping: todo lo que le har\u00e1 sentirse como en casa, dondequiera que aparque. Nuestros productos son duraderos, ligeros y est\u00e1n dise\u00f1ados espec\u00edficamente para VW California, por lo que encajan perfectamente y no ocupan mucho espacio. \u00bfListo para la pr\u00f3xima expedici\u00f3n? \u00a1Con nosotros, su furgoneta estar\u00e1 lista para ello!<\/p>    <\/div>\n<\/div>\n<!-- \/module text -->        <\/div>\n                    <\/div>\n                <\/div>\n                        <\/div>\n        <\/div>\n                        <div  data-css_id=\"9pxe947\" data-lazy=\"1\" class=\"module_row themify_builder_row fullwidth tb_9pxe947 tf_w\">\n                        <div class=\"row_inner col_align_top gutter-none tb_col_count_4 tf_box tf_rel\">\n                        <div  data-lazy=\"1\" class=\"module_column tb-column col4-1 tb_e6be947 first\">\n                    <!-- module icon -->\n<div  class=\"module module-icon tb_nic2491   none icon_horizontal \" data-lazy=\"1\">\n\t\t\t<div class=\"module-icon-item\">\n\t\t\t\t\t\t\t\t\t\t\t\t\t\t\t\t<img loading=\"lazy\" decoding=\"async\" src=\"https:\/\/california-concept.com\/wp-content\/uploads\/2024\/05\/i1-70x70.png\" width=\"70\" height=\"70\" class=\"tf_box wp-post-image wp-image-130\" title=\"&lt;k2&gt;Env\u00edo gratuito&lt;\/k2&gt;&lt;br&gt;Para cada producto\" alt=\"&lt;k2&gt;Env\u00edo gratuito&lt;\/k2&gt;&lt;br&gt;Para cada producto\" srcset=\"https:\/\/california-concept.com\/wp-content\/uploads\/2024\/05\/i1-70x70.png 70w, https:\/\/california-concept.com\/wp-content\/uploads\/2024\/05\/i1-100x100.png 100w, https:\/\/california-concept.com\/wp-content\/uploads\/2024\/05\/i1.png 150w\" sizes=\"auto, (max-width: 70px) 100vw, 70px\" \/>\t\t\t\t\t\t\t\t\t\t\t\t\t\t\t\t\t\t\t<span>Env\u00edo gratuito<br>Para cada producto<\/span>\n\t\t\t\t\t\t\t\t\t\t\t\t\t\t\t<\/div>\n\t<\/div>\n<!-- \/module icon -->\n        <\/div>\n                    <div  data-lazy=\"1\" class=\"module_column tb-column col4-1 tb_895i533\">\n                    <!-- module icon -->\n<div  class=\"module module-icon tb_5w69533   none icon_horizontal \" data-lazy=\"1\">\n\t\t\t<div class=\"module-icon-item\">\n\t\t\t\t\t\t\t\t\t\t\t\t\t\t\t\t<img loading=\"lazy\" decoding=\"async\" src=\"https:\/\/california-concept.com\/wp-content\/uploads\/2024\/05\/i2-70x70.png\" width=\"70\" height=\"70\" class=\"tf_box wp-post-image wp-image-131\" title=\"&lt;k2&gt;Compras seguras&lt;\/k2&gt;&lt;br&gt;Con SSL y Przelewy24\" alt=\"&lt;k2&gt;Compras seguras&lt;\/k2&gt;&lt;br&gt;Con SSL y Przelewy24\" srcset=\"https:\/\/california-concept.com\/wp-content\/uploads\/2024\/05\/i2-70x70.png 70w, https:\/\/california-concept.com\/wp-content\/uploads\/2024\/05\/i2-100x100.png 100w, https:\/\/california-concept.com\/wp-content\/uploads\/2024\/05\/i2.png 150w\" sizes=\"auto, (max-width: 70px) 100vw, 70px\" \/>\t\t\t\t\t\t\t\t\t\t\t\t\t\t\t\t\t\t\t<span>Compras seguras<br>Con SSL y Przelewy24<\/span>\n\t\t\t\t\t\t\t\t\t\t\t\t\t\t\t<\/div>\n\t<\/div>\n<!-- \/module icon -->\n        <\/div>\n                    <div  data-lazy=\"1\" class=\"module_column tb-column col4-1 tb_jz9f860\">\n                    <!-- module icon -->\n<div  class=\"module module-icon tb_d8tc860   none icon_horizontal \" data-lazy=\"1\">\n\t\t\t<div class=\"module-icon-item\">\n\t\t\t\t\t\t\t\t\t\t\t\t\t\t\t\t<img loading=\"lazy\" decoding=\"async\" src=\"https:\/\/california-concept.com\/wp-content\/uploads\/2024\/05\/i33-70x70.png\" width=\"70\" height=\"70\" class=\"tf_box wp-post-image wp-image-135\" title=\"&lt;k2&gt;Garant\u00eda de devoluci\u00f3n&lt;\/k2&gt;&lt;br&gt;100% de clientes satisfechos\" alt=\"&lt;k2&gt;Garant\u00eda de devoluci\u00f3n&lt;\/k2&gt;&lt;br&gt;100% de clientes satisfechos\" srcset=\"https:\/\/california-concept.com\/wp-content\/uploads\/2024\/05\/i33-70x70.png 70w, https:\/\/california-concept.com\/wp-content\/uploads\/2024\/05\/i33-100x100.png 100w, https:\/\/california-concept.com\/wp-content\/uploads\/2024\/05\/i33.png 150w\" sizes=\"auto, (max-width: 70px) 100vw, 70px\" \/>\t\t\t\t\t\t\t\t\t\t\t\t\t\t\t\t\t\t\t<span>Garant\u00eda de devoluci\u00f3n<br>100% de clientes satisfechos<\/span>\n\t\t\t\t\t\t\t\t\t\t\t\t\t\t\t<\/div>\n\t<\/div>\n<!-- \/module icon -->\n        <\/div>\n                    <div  data-lazy=\"1\" class=\"module_column tb-column col4-1 tb_akcf929 last\">\n                    <!-- module icon -->\n<div  class=\"module module-icon tb_xrem929   none icon_horizontal \" data-lazy=\"1\">\n\t\t\t<div class=\"module-icon-item\">\n\t\t\t\t\t\t\t\t\t\t\t\t\t\t\t\t<img loading=\"lazy\" decoding=\"async\" src=\"https:\/\/california-concept.com\/wp-content\/uploads\/2025\/01\/i4-70x70.png\" width=\"70\" height=\"70\" class=\"tf_box wp-post-image wp-image-513\" title=\"&lt;k2&gt;Atenci\u00f3n al cliente&lt;\/k2&gt;&lt;br&gt;7 d\u00edas a la semana\" alt=\"&lt;k2&gt;Atenci\u00f3n al cliente&lt;\/k2&gt;&lt;br&gt;7 d\u00edas a la semana\" srcset=\"https:\/\/california-concept.com\/wp-content\/uploads\/2025\/01\/i4-70x70.png 70w, https:\/\/california-concept.com\/wp-content\/uploads\/2025\/01\/i4-100x100.png 100w, https:\/\/california-concept.com\/wp-content\/uploads\/2025\/01\/i4.png 150w\" sizes=\"auto, (max-width: 70px) 100vw, 70px\" \/>\t\t\t\t\t\t\t\t\t\t\t\t\t\t\t\t\t\t\t<span>Atenci\u00f3n al cliente<br>7 d\u00edas a la semana<\/span>\n\t\t\t\t\t\t\t\t\t\t\t\t\t\t\t<\/div>\n\t<\/div>\n<!-- \/module icon -->\n        <\/div>\n                        <\/div>\n        <\/div>\n        <\/div>\n<!--\/themify_builder_content--><\/div>","protected":false},"excerpt":{"rendered":"<p>Los mejores accesorios para Volkswagen California<\/p>\n","protected":false},"author":1,"featured_media":1530,"parent":0,"menu_order":0,"comment_status":"closed","ping_status":"closed","template":"","meta":{"inline_featured_image":false,"footnotes":""},"class_list":["post-1551","page","type-page","status-publish","has-post-thumbnail","hentry","has-post-title","has-post-date","has-post-category","has-post-tag","has-post-comment","has-post-author",""],"yoast_head":"<!-- This site is optimized with the Yoast SEO Premium plugin v19.3 (Yoast SEO v27.4) - https:\/\/yoast.com\/product\/yoast-seo-premium-wordpress\/ -->\n<title>Sklep California Concept - Accesorios y productos para VW California y Grand California<\/title>\n<meta name=\"description\" content=\"Nuestra tienda California Concept ofrece los mejores accesorios para los veh\u00edculos Volkswagen California y Volkswagen Grand California.\" \/>\n<meta name=\"robots\" content=\"index, follow, max-snippet:-1, max-image-preview:large, max-video-preview:-1\" \/>\n<link rel=\"canonical\" href=\"https:\/\/california-concept.com\/es\/\" \/>\n<meta property=\"og:locale\" content=\"es_ES\" \/>\n<meta property=\"og:type\" content=\"article\" \/>\n<meta property=\"og:title\" content=\"P\u00e1gina de inicio\" \/>\n<meta property=\"og:description\" content=\"Nuestra tienda California Concept ofrece los mejores accesorios para los veh\u00edculos Volkswagen California y Volkswagen Grand California.\" \/>\n<meta property=\"og:url\" content=\"https:\/\/california-concept.com\/es\/\" \/>\n<meta property=\"og:site_name\" content=\"Sklep California Concept\" \/>\n<meta property=\"article:modified_time\" content=\"2026-04-22T07:21:13+00:00\" \/>\n<meta property=\"og:image\" content=\"https:\/\/california-concept.com\/wp-content\/uploads\/2025\/02\/Logo.png\" \/>\n\t<meta property=\"og:image:width\" content=\"1000\" \/>\n\t<meta property=\"og:image:height\" content=\"1000\" \/>\n\t<meta property=\"og:image:type\" content=\"image\/png\" \/>\n<meta name=\"twitter:card\" content=\"summary_large_image\" \/>\n<meta name=\"twitter:label1\" content=\"Tiempo de lectura\" \/>\n\t<meta name=\"twitter:data1\" content=\"2 minutos\" \/>\n<script type=\"application\/ld+json\" class=\"yoast-schema-graph\">{\"@context\":\"https:\\\/\\\/schema.org\",\"@graph\":[{\"@type\":\"WebPage\",\"@id\":\"https:\\\/\\\/california-concept.com\\\/es\\\/\",\"url\":\"https:\\\/\\\/california-concept.com\\\/es\\\/\",\"name\":\"Sklep California Concept - Accesorios y productos para VW California y Grand California\",\"isPartOf\":{\"@id\":\"https:\\\/\\\/california-concept.com\\\/es\\\/#website\"},\"primaryImageOfPage\":{\"@id\":\"https:\\\/\\\/california-concept.com\\\/es\\\/#primaryimage\"},\"image\":{\"@id\":\"https:\\\/\\\/california-concept.com\\\/es\\\/#primaryimage\"},\"thumbnailUrl\":\"https:\\\/\\\/california-concept.com\\\/wp-content\\\/uploads\\\/2025\\\/02\\\/Logo.png\",\"datePublished\":\"2024-05-23T09:08:14+00:00\",\"dateModified\":\"2026-04-22T07:21:13+00:00\",\"description\":\"Nuestra tienda California Concept ofrece los mejores accesorios para los veh\u00edculos Volkswagen California y Volkswagen Grand California.\",\"breadcrumb\":{\"@id\":\"https:\\\/\\\/california-concept.com\\\/es\\\/#breadcrumb\"},\"inLanguage\":\"es\",\"potentialAction\":[{\"@type\":\"ReadAction\",\"target\":[\"https:\\\/\\\/california-concept.com\\\/es\\\/\"]}]},{\"@type\":\"ImageObject\",\"inLanguage\":\"es\",\"@id\":\"https:\\\/\\\/california-concept.com\\\/es\\\/#primaryimage\",\"url\":\"https:\\\/\\\/california-concept.com\\\/wp-content\\\/uploads\\\/2025\\\/02\\\/Logo.png\",\"contentUrl\":\"https:\\\/\\\/california-concept.com\\\/wp-content\\\/uploads\\\/2025\\\/02\\\/Logo.png\",\"width\":1000,\"height\":1000,\"caption\":\"Logotipo Wild Concept\"},{\"@type\":\"BreadcrumbList\",\"@id\":\"https:\\\/\\\/california-concept.com\\\/es\\\/#breadcrumb\",\"itemListElement\":[{\"@type\":\"ListItem\",\"position\":1,\"name\":\"Strona g\u0142\u00f3wna\",\"item\":\"https:\\\/\\\/california-concept.com\\\/es\\\/\"},{\"@type\":\"ListItem\",\"position\":2,\"name\":\"P\u00e1gina de inicio\"}]},{\"@type\":\"WebSite\",\"@id\":\"https:\\\/\\\/california-concept.com\\\/es\\\/#website\",\"url\":\"https:\\\/\\\/california-concept.com\\\/es\\\/\",\"name\":\"Sklep California Concept\",\"description\":\"Akcesoria do Volkswagen California\",\"publisher\":{\"@id\":\"https:\\\/\\\/california-concept.com\\\/es\\\/#organization\"},\"potentialAction\":[{\"@type\":\"SearchAction\",\"target\":{\"@type\":\"EntryPoint\",\"urlTemplate\":\"https:\\\/\\\/california-concept.com\\\/es\\\/?s={search_term_string}\"},\"query-input\":{\"@type\":\"PropertyValueSpecification\",\"valueRequired\":true,\"valueName\":\"search_term_string\"}}],\"inLanguage\":\"es\"},{\"@type\":\"Organization\",\"@id\":\"https:\\\/\\\/california-concept.com\\\/es\\\/#organization\",\"name\":\"Sklep California Concept\",\"url\":\"https:\\\/\\\/california-concept.com\\\/es\\\/\",\"logo\":{\"@type\":\"ImageObject\",\"inLanguage\":\"es\",\"@id\":\"https:\\\/\\\/california-concept.com\\\/es\\\/#\\\/schema\\\/logo\\\/image\\\/\",\"url\":\"https:\\\/\\\/california-concept.com\\\/wp-content\\\/uploads\\\/2025\\\/02\\\/Logo.png\",\"contentUrl\":\"https:\\\/\\\/california-concept.com\\\/wp-content\\\/uploads\\\/2025\\\/02\\\/Logo.png\",\"width\":1000,\"height\":1000,\"caption\":\"Sklep California Concept\"},\"image\":{\"@id\":\"https:\\\/\\\/california-concept.com\\\/es\\\/#\\\/schema\\\/logo\\\/image\\\/\"}}]}<\/script>\n<!-- \/ Yoast SEO Premium plugin. -->","yoast_head_json":{"title":"Sklep California Concept - Accesorios y productos para VW California y Grand California","description":"Nuestra tienda California Concept ofrece los mejores accesorios para los veh\u00edculos Volkswagen California y Volkswagen Grand California.","robots":{"index":"index","follow":"follow","max-snippet":"max-snippet:-1","max-image-preview":"max-image-preview:large","max-video-preview":"max-video-preview:-1"},"canonical":"https:\/\/california-concept.com\/es\/","og_locale":"es_ES","og_type":"article","og_title":"P\u00e1gina de inicio","og_description":"Nuestra tienda California Concept ofrece los mejores accesorios para los veh\u00edculos Volkswagen California y Volkswagen Grand California.","og_url":"https:\/\/california-concept.com\/es\/","og_site_name":"Sklep California Concept","article_modified_time":"2026-04-22T07:21:13+00:00","og_image":[{"width":1000,"height":1000,"url":"https:\/\/california-concept.com\/wp-content\/uploads\/2025\/02\/Logo.png","type":"image\/png"}],"twitter_card":"summary_large_image","twitter_misc":{"Tiempo de lectura":"2 minutos"},"schema":{"@context":"https:\/\/schema.org","@graph":[{"@type":"WebPage","@id":"https:\/\/california-concept.com\/es\/","url":"https:\/\/california-concept.com\/es\/","name":"Sklep California Concept - Accesorios y productos para VW California y Grand California","isPartOf":{"@id":"https:\/\/california-concept.com\/es\/#website"},"primaryImageOfPage":{"@id":"https:\/\/california-concept.com\/es\/#primaryimage"},"image":{"@id":"https:\/\/california-concept.com\/es\/#primaryimage"},"thumbnailUrl":"https:\/\/california-concept.com\/wp-content\/uploads\/2025\/02\/Logo.png","datePublished":"2024-05-23T09:08:14+00:00","dateModified":"2026-04-22T07:21:13+00:00","description":"Nuestra tienda California Concept ofrece los mejores accesorios para los veh\u00edculos Volkswagen California y Volkswagen Grand California.","breadcrumb":{"@id":"https:\/\/california-concept.com\/es\/#breadcrumb"},"inLanguage":"es","potentialAction":[{"@type":"ReadAction","target":["https:\/\/california-concept.com\/es\/"]}]},{"@type":"ImageObject","inLanguage":"es","@id":"https:\/\/california-concept.com\/es\/#primaryimage","url":"https:\/\/california-concept.com\/wp-content\/uploads\/2025\/02\/Logo.png","contentUrl":"https:\/\/california-concept.com\/wp-content\/uploads\/2025\/02\/Logo.png","width":1000,"height":1000,"caption":"Logotipo Wild Concept"},{"@type":"BreadcrumbList","@id":"https:\/\/california-concept.com\/es\/#breadcrumb","itemListElement":[{"@type":"ListItem","position":1,"name":"Strona g\u0142\u00f3wna","item":"https:\/\/california-concept.com\/es\/"},{"@type":"ListItem","position":2,"name":"P\u00e1gina de inicio"}]},{"@type":"WebSite","@id":"https:\/\/california-concept.com\/es\/#website","url":"https:\/\/california-concept.com\/es\/","name":"Sklep California Concept","description":"Akcesoria do Volkswagen California","publisher":{"@id":"https:\/\/california-concept.com\/es\/#organization"},"potentialAction":[{"@type":"SearchAction","target":{"@type":"EntryPoint","urlTemplate":"https:\/\/california-concept.com\/es\/?s={search_term_string}"},"query-input":{"@type":"PropertyValueSpecification","valueRequired":true,"valueName":"search_term_string"}}],"inLanguage":"es"},{"@type":"Organization","@id":"https:\/\/california-concept.com\/es\/#organization","name":"Sklep California Concept","url":"https:\/\/california-concept.com\/es\/","logo":{"@type":"ImageObject","inLanguage":"es","@id":"https:\/\/california-concept.com\/es\/#\/schema\/logo\/image\/","url":"https:\/\/california-concept.com\/wp-content\/uploads\/2025\/02\/Logo.png","contentUrl":"https:\/\/california-concept.com\/wp-content\/uploads\/2025\/02\/Logo.png","width":1000,"height":1000,"caption":"Sklep California Concept"},"image":{"@id":"https:\/\/california-concept.com\/es\/#\/schema\/logo\/image\/"}}]}},"builder_content":"<h1 style=\"text-align: center;\">Los mejores accesorios para Volkswagen California<\/h1>\n<a href=\"https:\/\/california-concept.com\/sklep\" > TIENDA <em><svg xmlns:xlink=\"http:\/\/www.w3.org\/1999\/xlink\" aria-hidden=\"true\"><use href=\"#tf-ti-arrow-circle-right\" xlink:href=\"#tf-ti-arrow-circle-right\"><\/use><\/svg><\/em> <\/a>\n<h2 style=\"text-align: center;\">Categor\u00edas de productos<\/h2>\n<img src=\"https:\/\/california-concept.com\/wp-content\/uploads\/2025\/01\/Nasze-kategorie-produktow.png\" title=\"Nasze kategorie produkt\u00f3w\" alt=\"Nasze kategorie produkt\u00f3w\" srcset=\"https:\/\/california-concept.com\/wp-content\/uploads\/2025\/01\/Nasze-kategorie-produktow.png 1500w, https:\/\/california-concept.com\/wp-content\/uploads\/2025\/01\/Nasze-kategorie-produktow-300x31.png 300w, https:\/\/california-concept.com\/wp-content\/uploads\/2025\/01\/Nasze-kategorie-produktow-1024x106.png 1024w, https:\/\/california-concept.com\/wp-content\/uploads\/2025\/01\/Nasze-kategorie-produktow-768x80.png 768w, https:\/\/california-concept.com\/wp-content\/uploads\/2025\/01\/Nasze-kategorie-produktow-600x62.png 600w\" sizes=\"(max-width: 1500px) 100vw, 1500px\" \/>\n<h3 style=\"text-align: center;\">Sistema de paneles flexibles<\/h3>\n<h3 style=\"text-align: center;\">Suspensi\u00f3n<\/h3>\n<em style=\"background-color:#ffffff;color:#000000\" ><svg xmlns:xlink=\"http:\/\/www.w3.org\/1999\/xlink\" aria-hidden=\"true\"><use href=\"#tf-fas-chevron-right\" xlink:href=\"#tf-fas-chevron-right\"><\/use><\/svg><\/em>\n<h3 style=\"text-align: center;\">Llantas<\/h3>\n<em style=\"background-color:#ffffff;color:#000000\" ><svg xmlns:xlink=\"http:\/\/www.w3.org\/1999\/xlink\" aria-hidden=\"true\"><use href=\"#tf-fas-chevron-right\" xlink:href=\"#tf-fas-chevron-right\"><\/use><\/svg><\/em>\n<h3 style=\"text-align: center;\">Equipamiento <\/h3>\n<em style=\"background-color:#ffffff;color:#000000\" ><svg xmlns:xlink=\"http:\/\/www.w3.org\/1999\/xlink\" aria-hidden=\"true\"><use href=\"#tf-fas-chevron-right\" xlink:href=\"#tf-fas-chevron-right\"><\/use><\/svg><\/em>\n<a href=\"https:\/\/california-concept.com\/kategoria-produktu\/panele-solarne\/\"> <img src=\"https:\/\/california-concept.com\/wp-content\/uploads\/2025\/02\/panele-solarnr-zestaw-california-concept.jpg\" title=\"panele solarnr zestaw california-concept\" alt=\"kategoria panele solarne fotowoltaiczne vw california\" srcset=\"https:\/\/california-concept.com\/wp-content\/uploads\/2025\/02\/panele-solarnr-zestaw-california-concept.jpg 994w, https:\/\/california-concept.com\/wp-content\/uploads\/2025\/02\/panele-solarnr-zestaw-california-concept-300x300.jpg 300w, https:\/\/california-concept.com\/wp-content\/uploads\/2025\/02\/panele-solarnr-zestaw-california-concept-150x150.jpg 150w, https:\/\/california-concept.com\/wp-content\/uploads\/2025\/02\/panele-solarnr-zestaw-california-concept-768x768.jpg 768w, https:\/\/california-concept.com\/wp-content\/uploads\/2025\/02\/panele-solarnr-zestaw-california-concept-600x600.jpg 600w, https:\/\/california-concept.com\/wp-content\/uploads\/2025\/02\/panele-solarnr-zestaw-california-concept-100x100.jpg 100w\" sizes=\"(max-width: 994px) 100vw, 994px\" \/> <\/a>\n<h3 style=\"text-align: center;\"><a href=\"https:\/\/california-concept.com\/es\/kategoria-produktu\/paneles-solares\/\">Paneles solares<\/a><\/h3>\n<a href=\"https:\/\/california-concept.com\/kategoria-produktu\/panele-solarne\/\"> <em style=\"color:#000000\" ><svg xmlns:xlink=\"http:\/\/www.w3.org\/1999\/xlink\" aria-hidden=\"true\"><use href=\"#tf-ti-arrow-circle-right\" xlink:href=\"#tf-ti-arrow-circle-right\"><\/use><\/svg><\/em> <\/a>\n<a href=\"https:\/\/california-concept.com\/kategoria-produktu\/zawieszenie\/\"> <img src=\"https:\/\/california-concept.com\/wp-content\/uploads\/2025\/02\/volkswagen-california-sklep.jpg\" title=\"kategoria zawieszenie vw california\" alt=\"kategoria zawieszenie vw california\" srcset=\"https:\/\/california-concept.com\/wp-content\/uploads\/2025\/02\/volkswagen-california-sklep.jpg 994w, https:\/\/california-concept.com\/wp-content\/uploads\/2025\/02\/volkswagen-california-sklep-300x300.jpg 300w, https:\/\/california-concept.com\/wp-content\/uploads\/2025\/02\/volkswagen-california-sklep-150x150.jpg 150w, https:\/\/california-concept.com\/wp-content\/uploads\/2025\/02\/volkswagen-california-sklep-768x768.jpg 768w, https:\/\/california-concept.com\/wp-content\/uploads\/2025\/02\/volkswagen-california-sklep-600x600.jpg 600w, https:\/\/california-concept.com\/wp-content\/uploads\/2025\/02\/volkswagen-california-sklep-100x100.jpg 100w\" sizes=\"(max-width: 994px) 100vw, 994px\" \/> <\/a>\n<h3 style=\"text-align: center;\"><a href=\"\/?product_cat=zawieszenie\">Suspensi\u00f3n<\/a><\/h3>\n<a href=\"https:\/\/california-concept.com\/kategoria-produktu\/zawieszenie\/\"> <em style=\"color:#000000\" ><svg xmlns:xlink=\"http:\/\/www.w3.org\/1999\/xlink\" aria-hidden=\"true\"><use href=\"#tf-ti-arrow-circle-right\" xlink:href=\"#tf-ti-arrow-circle-right\"><\/use><\/svg><\/em> <\/a>\n<a href=\"https:\/\/california-concept.com\/kategoria-produktu\/felgi\/\"> <img src=\"https:\/\/california-concept.com\/wp-content\/uploads\/2025\/02\/felgi-kategoria-felgi.jpg\" title=\"kategoria felgi vw california\" alt=\"kategoria felgi vw california\" srcset=\"https:\/\/california-concept.com\/wp-content\/uploads\/2025\/02\/felgi-kategoria-felgi.jpg 994w, https:\/\/california-concept.com\/wp-content\/uploads\/2025\/02\/felgi-kategoria-felgi-300x300.jpg 300w, https:\/\/california-concept.com\/wp-content\/uploads\/2025\/02\/felgi-kategoria-felgi-150x150.jpg 150w, https:\/\/california-concept.com\/wp-content\/uploads\/2025\/02\/felgi-kategoria-felgi-768x768.jpg 768w, https:\/\/california-concept.com\/wp-content\/uploads\/2025\/02\/felgi-kategoria-felgi-600x600.jpg 600w, https:\/\/california-concept.com\/wp-content\/uploads\/2025\/02\/felgi-kategoria-felgi-100x100.jpg 100w\" sizes=\"(max-width: 994px) 100vw, 994px\" \/> <\/a>\n<h3 style=\"text-align: center;\"><a href=\"\/?product_cat=felgi\">Llantas<\/a><\/h3>\n<a href=\"https:\/\/california-concept.com\/kategoria-produktu\/felgi\/\"> <em style=\"color:#000000\" ><svg xmlns:xlink=\"http:\/\/www.w3.org\/1999\/xlink\" aria-hidden=\"true\"><use href=\"#tf-ti-arrow-circle-right\" xlink:href=\"#tf-ti-arrow-circle-right\"><\/use><\/svg><\/em> <\/a>\n<a href=\"https:\/\/california-concept.com\/kategoria-produktu\/wyposazenie-wewnetrzne\/\"> <img src=\"https:\/\/california-concept.com\/wp-content\/uploads\/2025\/05\/ladowarka-delta-3-rower-gory.jpg\" title=\"\u0142adowarka delta 3 rower go\u0301ry\" alt=\"Przeno\u015bna stacja zasilania EcoFlow DELTA 3 do VW California\" srcset=\"https:\/\/california-concept.com\/wp-content\/uploads\/2025\/05\/ladowarka-delta-3-rower-gory.jpg 1920w, https:\/\/california-concept.com\/wp-content\/uploads\/2025\/05\/ladowarka-delta-3-rower-gory-300x300.jpg 300w, https:\/\/california-concept.com\/wp-content\/uploads\/2025\/05\/ladowarka-delta-3-rower-gory-1024x1024.jpg 1024w, https:\/\/california-concept.com\/wp-content\/uploads\/2025\/05\/ladowarka-delta-3-rower-gory-150x150.jpg 150w, https:\/\/california-concept.com\/wp-content\/uploads\/2025\/05\/ladowarka-delta-3-rower-gory-768x768.jpg 768w, https:\/\/california-concept.com\/wp-content\/uploads\/2025\/05\/ladowarka-delta-3-rower-gory-1536x1536.jpg 1536w, https:\/\/california-concept.com\/wp-content\/uploads\/2025\/05\/ladowarka-delta-3-rower-gory-600x600.jpg 600w, https:\/\/california-concept.com\/wp-content\/uploads\/2025\/05\/ladowarka-delta-3-rower-gory-100x100.jpg 100w, https:\/\/california-concept.com\/wp-content\/uploads\/2025\/05\/ladowarka-delta-3-rower-gory-1024x1024-1000x1000.jpg 1000w, https:\/\/california-concept.com\/wp-content\/uploads\/2025\/05\/ladowarka-delta-3-rower-gory-1024x1024-28x28.jpg 28w, https:\/\/california-concept.com\/wp-content\/uploads\/2025\/05\/ladowarka-delta-3-rower-gory-1024x1024-47x48.jpg 47w\" sizes=\"(max-width: 1920px) 100vw, 1920px\" \/> <\/a>\n<h3 style=\"text-align: center;\"><a href=\"\/?product_cat=wyposazenie-wewnetrzne\">Equipamiento <\/a><\/h3>\n<a href=\"https:\/\/california-concept.com\/kategoria-produktu\/wyposazenie-wewnetrzne\/\"> <em style=\"color:#000000\" ><svg xmlns:xlink=\"http:\/\/www.w3.org\/1999\/xlink\" aria-hidden=\"true\"><use href=\"#tf-ti-arrow-circle-right\" xlink:href=\"#tf-ti-arrow-circle-right\"><\/use><\/svg><\/em> <\/a>\n<h2 style=\"text-align: center;\">Productos destacados<\/h2>\n<img src=\"https:\/\/california-concept.com\/wp-content\/uploads\/2025\/01\/Nasze-najlepsze-produkty.png\" title=\"Nasze najlepsze produkty\" alt=\"Nasze najlepsze produkty\" srcset=\"https:\/\/california-concept.com\/wp-content\/uploads\/2025\/01\/Nasze-najlepsze-produkty.png 1535w, https:\/\/california-concept.com\/wp-content\/uploads\/2025\/01\/Nasze-najlepsze-produkty-300x29.png 300w, https:\/\/california-concept.com\/wp-content\/uploads\/2025\/01\/Nasze-najlepsze-produkty-1024x100.png 1024w, https:\/\/california-concept.com\/wp-content\/uploads\/2025\/01\/Nasze-najlepsze-produkty-768x75.png 768w, https:\/\/california-concept.com\/wp-content\/uploads\/2025\/01\/Nasze-najlepsze-produkty-600x59.png 600w\" sizes=\"(max-width: 1535px) 100vw, 1535px\" \/>\n<a href=\"https:\/\/california-concept.com\/sklep\" > Todos los productos <\/a>\n<h3 style=\"text-align: center;\">Si elige kits, solicite un presupuesto individual<\/h3>\n<a href=\"https:\/\/california-concept.com\/promocje\" > Aproveche la promoci\u00f3n <\/a>\n<h3 style=\"text-align: center;\">Promoci\u00f3n en todos los productos -5% con el c\u00f3digo PROMO2025<\/h3>\n<a href=\"https:\/\/california-concept.com\/promocje\" > Aproveche la promoci\u00f3n <\/a>\n<h2 style=\"text-align: center;\">Tienda Volkswagen California<\/h2>\n<p>Nuestra tienda California Concept ofrece <strong>los mejores accesorios para los veh\u00edculos Volkswagen California y Volkswagen Grand California<\/strong>. Aqu\u00ed encontrar\u00e1 productos de la m\u00e1s alta calidad que aumentan la funcionalidad y la comodidad de sus viajes, acampadas y tiempo libre en la naturaleza.<\/p>\n<img src=\"https:\/\/california-concept.com\/wp-content\/uploads\/2025\/05\/Panel-solar-Flex-system-widok-z-gory.jpg\" title=\"Panel solar Flex system widok z go\u0301ry\" alt=\"Panel solarny Flex System VW California - widok z g\u00f3ry\" srcset=\"https:\/\/california-concept.com\/wp-content\/uploads\/2025\/05\/Panel-solar-Flex-system-widok-z-gory.jpg 1920w, https:\/\/california-concept.com\/wp-content\/uploads\/2025\/05\/Panel-solar-Flex-system-widok-z-gory-300x300.jpg 300w, https:\/\/california-concept.com\/wp-content\/uploads\/2025\/05\/Panel-solar-Flex-system-widok-z-gory-1024x1024.jpg 1024w, https:\/\/california-concept.com\/wp-content\/uploads\/2025\/05\/Panel-solar-Flex-system-widok-z-gory-150x150.jpg 150w, https:\/\/california-concept.com\/wp-content\/uploads\/2025\/05\/Panel-solar-Flex-system-widok-z-gory-768x768.jpg 768w, https:\/\/california-concept.com\/wp-content\/uploads\/2025\/05\/Panel-solar-Flex-system-widok-z-gory-1536x1536.jpg 1536w, https:\/\/california-concept.com\/wp-content\/uploads\/2025\/05\/Panel-solar-Flex-system-widok-z-gory-600x600.jpg 600w, https:\/\/california-concept.com\/wp-content\/uploads\/2025\/05\/Panel-solar-Flex-system-widok-z-gory-100x100.jpg 100w, https:\/\/california-concept.com\/wp-content\/uploads\/2025\/05\/Panel-solar-Flex-system-widok-z-gory-1024x1024-1000x1000.jpg 1000w, https:\/\/california-concept.com\/wp-content\/uploads\/2025\/05\/Panel-solar-Flex-system-widok-z-gory-1024x1024-28x28.jpg 28w\" sizes=\"(max-width: 1920px) 100vw, 1920px\" \/>\n<h3>Paneles fotovoltaicos y estaciones de energ\u00eda para VW California<\/h3>\n<p>Imagine que est\u00e1 en alg\u00fan lugar remoto, quiz\u00e1s junto a un lago, en las monta\u00f1as o en un campamento salvaje, lejos del bullicio de la ciudad. El sol calienta, el paisaje es impresionante y no tiene que preocuparse por si tendr\u00e1 suficiente electricidad para la iluminaci\u00f3n nocturna, cargar el tel\u00e9fono o alimentar la nevera. \u00bfSuena bien? <strong>Aqu\u00ed encontrar\u00e1 todo lo que necesita para una total independencia energ\u00e9tica en su VW California<\/strong>.<\/p> <p>Nuestros <strong>paneles solares<\/strong> son ligeros, eficientes y f\u00e1ciles de instalar, ideales para captar cada rayo de sol, est\u00e9 donde est\u00e9. Y si necesita algo m\u00e1s, consulte nuestras <strong>estaciones de energ\u00eda port\u00e1tiles<\/strong>. Son un verdadero centro de control energ\u00e9tico: puede conectar pr\u00e1cticamente todo lo que necesite en su viaje. Gracias a esto, su autocaravana ser\u00e1 autosuficiente y usted ganar\u00e1 total libertad para viajar sin preocuparse por el acceso a una toma de corriente.<\/p>\n<img src=\"https:\/\/california-concept.com\/wp-content\/uploads\/2025\/05\/vw-california-concept-w-otoczeniu-wulkanow-.jpg\" title=\"vw california concept w otoczeniu wulkano\u0301w\" alt=\"vw california concept bokiem z trapami w wulkanicznym klimacie\" srcset=\"https:\/\/california-concept.com\/wp-content\/uploads\/2025\/05\/vw-california-concept-w-otoczeniu-wulkanow-.jpg 1200w, https:\/\/california-concept.com\/wp-content\/uploads\/2025\/05\/vw-california-concept-w-otoczeniu-wulkanow--300x300.jpg 300w, https:\/\/california-concept.com\/wp-content\/uploads\/2025\/05\/vw-california-concept-w-otoczeniu-wulkanow--1024x1024.jpg 1024w, https:\/\/california-concept.com\/wp-content\/uploads\/2025\/05\/vw-california-concept-w-otoczeniu-wulkanow--150x150.jpg 150w, https:\/\/california-concept.com\/wp-content\/uploads\/2025\/05\/vw-california-concept-w-otoczeniu-wulkanow--768x768.jpg 768w, https:\/\/california-concept.com\/wp-content\/uploads\/2025\/05\/vw-california-concept-w-otoczeniu-wulkanow--600x600.jpg 600w, https:\/\/california-concept.com\/wp-content\/uploads\/2025\/05\/vw-california-concept-w-otoczeniu-wulkanow--100x100.jpg 100w\" sizes=\"(max-width: 1200px) 100vw, 1200px\" \/>\n<h3>Equipamiento interior y exterior para VW California<\/h3>\n<p>\u00bfEs su VW California algo m\u00e1s que un simple medio de transporte? Para nosotros, es un hogar sobre ruedas que debe ser c\u00f3modo, funcional y adaptado a sus necesidades. Por eso, en California Concept tenemos todo lo que necesita para que su autocaravana sea a\u00fan m\u00e1s pr\u00e1ctica y confortable. Nuestro <strong>equipamiento interior para VW California<\/strong> son soluciones probadas que le facilitar\u00e1n la vida diaria en la carretera.<\/p> <p>\u00bfY qu\u00e9 hay del lado exterior de la aventura? Ya sea que planee largas noches alrededor de una hoguera o relajarse bajo un toldo a la sombra, tenemos el <strong>equipamiento exterior<\/strong> adecuado para usted. Mesas, sillas, toldos e incluso duchas de camping: todo lo que le har\u00e1 sentirse como en casa, dondequiera que aparque. Nuestros productos son duraderos, ligeros y est\u00e1n dise\u00f1ados espec\u00edficamente para VW California, por lo que encajan perfectamente y no ocupan mucho espacio. \u00bfListo para la pr\u00f3xima expedici\u00f3n? \u00a1Con nosotros, su furgoneta estar\u00e1 lista para ello!<\/p>\n<img src=\"https:\/\/california-concept.com\/wp-content\/uploads\/2024\/05\/i1-70x70.png\" width=\"70\" height=\"70\" title=\"&lt;k2&gt;Env\u00edo gratuito&lt;\/k2&gt;&lt;br&gt;Para cada producto\" alt=\"&lt;k2&gt;Env\u00edo gratuito&lt;\/k2&gt;&lt;br&gt;Para cada producto\" srcset=\"https:\/\/california-concept.com\/wp-content\/uploads\/2024\/05\/i1-70x70.png 70w, https:\/\/california-concept.com\/wp-content\/uploads\/2024\/05\/i1-100x100.png 100w, https:\/\/california-concept.com\/wp-content\/uploads\/2024\/05\/i1.png 150w\" sizes=\"(max-width: 70px) 100vw, 70px\" \/> Env\u00edo gratuito<br>Para cada producto\n<img src=\"https:\/\/california-concept.com\/wp-content\/uploads\/2024\/05\/i2-70x70.png\" width=\"70\" height=\"70\" title=\"&lt;k2&gt;Compras seguras&lt;\/k2&gt;&lt;br&gt;Con SSL y Przelewy24\" alt=\"&lt;k2&gt;Compras seguras&lt;\/k2&gt;&lt;br&gt;Con SSL y Przelewy24\" srcset=\"https:\/\/california-concept.com\/wp-content\/uploads\/2024\/05\/i2-70x70.png 70w, https:\/\/california-concept.com\/wp-content\/uploads\/2024\/05\/i2-100x100.png 100w, https:\/\/california-concept.com\/wp-content\/uploads\/2024\/05\/i2.png 150w\" sizes=\"(max-width: 70px) 100vw, 70px\" \/> Compras seguras<br>Con SSL y Przelewy24\n<img src=\"https:\/\/california-concept.com\/wp-content\/uploads\/2024\/05\/i33-70x70.png\" width=\"70\" height=\"70\" title=\"&lt;k2&gt;Garant\u00eda de devoluci\u00f3n&lt;\/k2&gt;&lt;br&gt;100% de clientes satisfechos\" alt=\"&lt;k2&gt;Garant\u00eda de devoluci\u00f3n&lt;\/k2&gt;&lt;br&gt;100% de clientes satisfechos\" srcset=\"https:\/\/california-concept.com\/wp-content\/uploads\/2024\/05\/i33-70x70.png 70w, https:\/\/california-concept.com\/wp-content\/uploads\/2024\/05\/i33-100x100.png 100w, https:\/\/california-concept.com\/wp-content\/uploads\/2024\/05\/i33.png 150w\" sizes=\"(max-width: 70px) 100vw, 70px\" \/> Garant\u00eda de devoluci\u00f3n<br>100% de clientes satisfechos\n<img src=\"https:\/\/california-concept.com\/wp-content\/uploads\/2025\/01\/i4-70x70.png\" width=\"70\" height=\"70\" title=\"&lt;k2&gt;Atenci\u00f3n al cliente&lt;\/k2&gt;&lt;br&gt;7 d\u00edas a la semana\" alt=\"&lt;k2&gt;Atenci\u00f3n al cliente&lt;\/k2&gt;&lt;br&gt;7 d\u00edas a la semana\" srcset=\"https:\/\/california-concept.com\/wp-content\/uploads\/2025\/01\/i4-70x70.png 70w, https:\/\/california-concept.com\/wp-content\/uploads\/2025\/01\/i4-100x100.png 100w, https:\/\/california-concept.com\/wp-content\/uploads\/2025\/01\/i4.png 150w\" sizes=\"(max-width: 70px) 100vw, 70px\" \/> Atenci\u00f3n al cliente<br>7 d\u00edas a la semana","_links":{"self":[{"href":"https:\/\/california-concept.com\/es\/wp-json\/wp\/v2\/pages\/1551","targetHints":{"allow":["GET"]}}],"collection":[{"href":"https:\/\/california-concept.com\/es\/wp-json\/wp\/v2\/pages"}],"about":[{"href":"https:\/\/california-concept.com\/es\/wp-json\/wp\/v2\/types\/page"}],"author":[{"embeddable":true,"href":"https:\/\/california-concept.com\/es\/wp-json\/wp\/v2\/users\/1"}],"replies":[{"embeddable":true,"href":"https:\/\/california-concept.com\/es\/wp-json\/wp\/v2\/comments?post=1551"}],"version-history":[{"count":7,"href":"https:\/\/california-concept.com\/es\/wp-json\/wp\/v2\/pages\/1551\/revisions"}],"predecessor-version":[{"id":1985,"href":"https:\/\/california-concept.com\/es\/wp-json\/wp\/v2\/pages\/1551\/revisions\/1985"}],"wp:featuredmedia":[{"embeddable":true,"href":"https:\/\/california-concept.com\/es\/wp-json\/wp\/v2\/media\/1530"}],"wp:attachment":[{"href":"https:\/\/california-concept.com\/es\/wp-json\/wp\/v2\/media?parent=1551"}],"curies":[{"name":"wp","href":"https:\/\/api.w.org\/{rel}","templated":true}]}}